{"id":635,"date":"2026-05-12T12:39:12","date_gmt":"2026-05-12T15:39:12","guid":{"rendered":"https:\/\/santanadoitarare.pr.gov.br\/diariooficial\/?page_id=635"},"modified":"2026-08-18T09:41:26","modified_gmt":"2026-08-18T12:41:26","slug":"home","status":"publish","type":"page","link":"https:\/\/santanadoitarare.pr.gov.br\/transparencia\/","title":{"rendered":"Munic\u00edpio de Santana do Itarar\u00e9 &#8211; PR"},"content":{"rendered":"\n<div class=\"wp-block-columns is-layout-flex wp-container-core-columns-is-layout-7387b849 wp-block-columns-is-layout-flex\">\n<div class=\"wp-block-column is-layout-flow wp-block-column-is-layout-flow\">\n<p class=\"wp-block-paragraph\" style=\"margin-top:-20px;margin-bottom:-10px\">Em conformidade a&nbsp;<strong><a href=\"https:\/\/santanadoitarare.pr.gov.br\/transparencia\/wp-content\/uploads\/2026\/05\/LEI-05-2016-LEI-DE-ACESSO-AS-INFORMACOES-DO-PODER-PUBLICO.pdf\" target=\"_blank\" rel=\"noreferrer noopener\">Lei Municipal Complementar n\u00ba 05\/2016<\/a>&nbsp;<\/strong>e com<strong>&nbsp;<a href=\"https:\/\/www.planalto.gov.br\/ccivil_03\/_ato2011-2014\/2011\/lei\/l12527.htm\" target=\"_blank\" rel=\"noreferrer noopener\">Lei Federal de Acesso \u00e0 Informa\u00e7\u00e3o n\u00ba 12.527\/2011<\/a><\/strong><a href=\"https:\/\/web.archive.org\/web\/20260119050546\/http:\/\/www.planalto.gov.br\/ccivil_03\/_ato2011-2014\/2011\/lei\/l12527.htm\" target=\"_blank\" rel=\"noreferrer noopener\">,<\/a>&nbsp;a Prefeitura de Santana do Itarar\u00e9-PR, visando facilitar sua navega\u00e7\u00e3o disponibiliza links para os dados gerados via sistema de Gest\u00e3o P\u00fablica<strong>&nbsp;<a href=\"https:\/\/transparencia.betha.cloud\/#\/ZAA6t2_GdA4J1ZCwMJsJgw==\" target=\"_blank\" rel=\"noreferrer noopener\">Betha.<\/a>&nbsp;<\/strong><\/p>\n\n\n\n<div class=\"wp-block-uagb-separator uagb-block-5ffdea33\"><div class=\"wp-block-uagb-separator__inner\" style=\"--my-background-image:\"><\/div><\/div>\n\n\n\n<figure data-spectra-id=\"spectra-mprbcidj-9kz1yb\" class=\"wp-block-image aligncenter size-full is-resized\"><a href=\"https:\/\/www.santanadoitarare.pr.gov.br\/portal\/busca\/\" target=\"_blank\" rel=\" noreferrer noopener\"><img loading=\"lazy\" decoding=\"async\" width=\"464\" height=\"83\" src=\"https:\/\/santanadoitarare.pr.gov.br\/transparencia\/wp-content\/uploads\/2026\/05\/capture_260529_162225.png\" alt=\"\" class=\"wp-image-3689\" srcset=\"https:\/\/santanadoitarare.pr.gov.br\/transparencia\/wp-content\/uploads\/2026\/05\/capture_260529_162225.png 464w, https:\/\/santanadoitarare.pr.gov.br\/transparencia\/wp-content\/uploads\/2026\/05\/capture_260529_162225-300x54.png 300w\" sizes=\"auto, (max-width: 464px) 100vw, 464px\" \/><\/a><\/figure>\n\n\n\n<div class=\"wp-block-uagb-separator uagb-block-fc1e84d3\"><div class=\"wp-block-uagb-separator__inner\" style=\"--my-background-image:\"><\/div><\/div>\n\n\n\n<p class=\"wp-block-paragraph\" id=\"GERAL\" style=\"font-size:25px\"><img loading=\"lazy\" decoding=\"async\" width=\"30\" height=\"30\" class=\"wp-image-946\" style=\"width: 30px;\" src=\"https:\/\/santanadoitarare.pr.gov.br\/transparencia\/wp-content\/uploads\/2026\/05\/rudder_578495-150x150-1.png\" alt=\"\"> <strong>GERAL <\/strong><\/p>\n\n\n\n<div class=\"wp-block-columns has-ast-global-color-2-color has-text-color has-link-color wp-elements-1 is-layout-flex wp-container-core-columns-is-layout-a33717c9 wp-block-columns-is-layout-flex\" style=\"margin-top:10px;margin-bottom:10px;padding-top:0px;padding-bottom:0px\">\n<div class=\"wp-block-column is-layout-flow wp-container-core-column-is-layout-a2d3b37e wp-block-column-is-layout-flow\" style=\"padding-top:0px;padding-bottom:0px\">\n<p class=\"has-ast-global-color-2-color has-text-color has-link-color wp-elements-2 wp-block-paragraph\" style=\"margin-top:-25px;text-decoration:none;text-transform:none\"><a href=\"https:\/\/santanadoitarare.pr.gov.br\/transparencia\/wp-content\/uploads\/2026\/05\/2243diario02janeiro2025-pdf-D4Sign.pdf\" target=\"_blank\" rel=\"noreferrer noopener\">Atas da sess\u00e3o solene de posse do Prefeito, Vice-Prefeito e dos Vereadores para Gest\u00e3o 01\/01\/2025 a 31\/12\/2028<\/a><\/p>\n<\/div>\n<\/div>\n\n\n\n<div class=\"wp-block-columns has-ast-global-color-2-color has-text-color has-link-color wp-elements-3 is-layout-flex wp-container-core-columns-is-layout-a33717c9 wp-block-columns-is-layout-flex\" style=\"margin-top:10px;margin-bottom:10px;padding-top:0px;padding-bottom:0px\">\n<div class=\"wp-block-column has-link-color wp-elements-4 is-layout-flow wp-block-column-is-layout-flow\">\n<p class=\"has-link-color wp-elements-5 wp-block-paragraph\" style=\"text-transform:none\"><a href=\"http:\/\/www.santanadoitarare.pr.gov.br\/portal\/\" target=\"_blank\" rel=\"noreferrer noopener\">Site Oficial do Munic\u00edpio<\/a><\/p>\n<\/div>\n\n\n\n<div class=\"wp-block-column has-link-color wp-elements-6 is-layout-flow wp-block-column-is-layout-flow\">\n<p class=\"has-link-color wp-elements-7 wp-block-paragraph\" style=\"text-transform:none\"><a href=\"https:\/\/cidades.ibge.gov.br\/brasil\/pr\/santana-do-itarare\/panorama\" target=\"_blank\" rel=\"noreferrer noopener\">Perfil do Munic\u00edpio &#8211; IBGE<\/a><\/p>\n<\/div>\n\n\n\n<div class=\"wp-block-column has-link-color wp-elements-8 is-layout-flow wp-block-column-is-layout-flow\">\n<p class=\"has-link-color wp-elements-9 wp-block-paragraph\" style=\"text-transform:none\"><a href=\"https:\/\/santanadoitarare.pr.gov.br\/transparencia\/wp-content\/uploads\/2026\/05\/Caderno-estatistico-municipio-ipardes.pdf\" target=\"_blank\" rel=\"noreferrer noopener\">Perfil do Munic\u00edpio &#8211; IPARDES<\/a><\/p>\n<\/div>\n\n\n\n<div class=\"wp-block-column has-link-color wp-elements-10 is-layout-flow wp-block-column-is-layout-flow\">\n<p class=\"has-link-color wp-elements-11 wp-block-paragraph\" style=\"text-transform:none\"><a href=\"https:\/\/santanadoitarare.pr.gov.br\/transparencia\/wp-content\/uploads\/2026\/05\/LEI-047-2024-ALTERA-A-LEI-COMPLEMENTAR-No-017-2013-QUE-DISPOE-SOBRE-A-ESTRUTURA-ADMINISTRATIVA.pdf\" target=\"_blank\" rel=\"noreferrer noopener\">Estrutura Administrativa<\/a><\/p>\n<\/div>\n<\/div>\n\n\n\n<div class=\"wp-block-columns has-ast-global-color-2-color has-text-color has-link-color wp-elements-12 is-layout-flex wp-container-core-columns-is-layout-a33717c9 wp-block-columns-is-layout-flex\" style=\"margin-top:10px;margin-bottom:10px;padding-top:0px;padding-bottom:0px\">\n<div class=\"wp-block-column is-layout-flow wp-block-column-is-layout-flow\">\n<p class=\"has-link-color wp-elements-13 wp-block-paragraph\" style=\"text-transform:none\"><a href=\"https:\/\/santanadoitarare.pr.gov.br\/transparencia\/wp-content\/uploads\/2026\/08\/Organograma-Santana-2026.pdf\" target=\"_blank\" rel=\"noreferrer noopener\">Organograma Administrativo<\/a><\/p>\n<\/div>\n\n\n\n<div class=\"wp-block-column is-layout-flow wp-block-column-is-layout-flow\">\n<p class=\"has-link-color wp-elements-14 wp-block-paragraph\" style=\"text-transform:none\"><a href=\"https:\/\/www.santanadoitarare.pr.gov.br\/portal\/secretarios\/\" target=\"_blank\" rel=\"noreferrer noopener\">Secretarias e Secretarios<\/a><\/p>\n<\/div>\n\n\n\n<div class=\"wp-block-column is-layout-flow wp-block-column-is-layout-flow\">\n<p class=\"has-link-color wp-elements-15 wp-block-paragraph\" style=\"text-transform:none\"><a href=\"http:\/\/www.santanadoitarare.pr.gov.br\/diariooficial\/\" target=\"_blank\" rel=\"noreferrer noopener\">Di\u00e1rio Oficial do Municipio<\/a><\/p>\n<\/div>\n\n\n\n<div class=\"wp-block-column is-layout-flow wp-block-column-is-layout-flow\">\n<p class=\"has-link-color wp-elements-16 wp-block-paragraph\" style=\"text-transform:none\"><a href=\"https:\/\/santanadoitarare.pr.gov.br\/transparencia\/leis-e-atos-administrativos\/\" target=\"_blank\" rel=\"noreferrer noopener\">Leis e Atos Administrativos<\/a><\/p>\n<\/div>\n<\/div>\n\n\n\n<div class=\"wp-block-columns has-ast-global-color-2-color has-text-color has-link-color wp-elements-17 is-layout-flex wp-container-core-columns-is-layout-a33717c9 wp-block-columns-is-layout-flex\" style=\"margin-top:10px;margin-bottom:10px;padding-top:0px;padding-bottom:0px\">\n<div class=\"wp-block-column is-layout-flow wp-block-column-is-layout-flow\">\n<p class=\"has-link-color wp-elements-18 wp-block-paragraph\"><a href=\"https:\/\/www.legislacao.pr.gov.br\/legislacao\/pesquisarAto.do?action=exibir&amp;codAto=12935&amp;indice=1&amp;totalRegistros=1\" target=\"_blank\" rel=\"noreferrer noopener\">Lei 4.338\/62 &#8211; Cria Munic\u00edpio<\/a><\/p>\n<\/div>\n\n\n\n<div class=\"wp-block-column is-layout-flow wp-block-column-is-layout-flow\">\n<p class=\"has-link-color wp-elements-19 wp-block-paragraph\"><a href=\"https:\/\/santanadoitarare.pr.gov.br\/transparencia\/endereco-e-horario-de-atendimento\/\" target=\"_blank\" rel=\"noreferrer noopener\">Hor\u00e1rio de Atendimento<\/a><\/p>\n<\/div>\n\n\n\n<div class=\"wp-block-column is-layout-flow wp-block-column-is-layout-flow\">\n<p class=\"has-link-color wp-elements-20 wp-block-paragraph\"><a href=\"https:\/\/www.santanadoitarare.pr.leg.br\/\" target=\"_blank\" rel=\"noreferrer noopener\">C\u00e2mara Municipal<\/a><\/p>\n<\/div>\n\n\n\n<div class=\"wp-block-column is-layout-flow wp-block-column-is-layout-flow\">\n<p class=\"has-link-color wp-elements-21 wp-block-paragraph\"><a href=\"https:\/\/www.santanaprev.com.br\/\" target=\"_blank\" rel=\"noreferrer noopener\">SantanaPrev<\/a><\/p>\n<\/div>\n<\/div>\n\n\n\n<div class=\"wp-block-columns has-ast-global-color-2-color has-text-color has-link-color wp-elements-22 is-layout-flex wp-container-core-columns-is-layout-a33717c9 wp-block-columns-is-layout-flex\" style=\"margin-top:10px;margin-bottom:10px;padding-top:0px;padding-bottom:0px\">\n<div class=\"wp-block-column is-layout-flow wp-block-column-is-layout-flow\" style=\"padding-top:0px;padding-bottom:0px\">\n<p class=\"has-link-color wp-elements-23 wp-block-paragraph\"><a href=\"https:\/\/santanadoitarare.pr.gov.br\/transparencia\/recomendacoes-do-ministerio-publico\/\" target=\"_blank\" rel=\"noreferrer noopener\">Recomenda\u00e7\u00f5es do Min. Publico<\/a><\/p>\n<\/div>\n\n\n\n<div class=\"wp-block-column is-layout-flow wp-block-column-is-layout-flow\">\n<p class=\"has-link-color wp-elements-24 wp-block-paragraph\"><a href=\"https:\/\/santanadoitarare.pr.gov.br\/transparencia\/politica-de-privacidade\/\" target=\"_blank\" rel=\"noreferrer noopener\">Politica de Privacidade<\/a><\/p>\n<\/div>\n\n\n\n<div class=\"wp-block-column is-layout-flow wp-block-column-is-layout-flow\">\n<p class=\"has-link-color wp-elements-25 wp-block-paragraph\"><a href=\"https:\/\/santanadoitarare.pr.gov.br\/transparencia\/lei-geral-de-protecao-de-dados-lgpd\/\" target=\"_blank\" rel=\"noreferrer noopener\">Lei Geral de Prote\u00e7\u00e3o de Dados<\/a><\/p>\n<\/div>\n\n\n\n<div class=\"wp-block-column is-layout-flow wp-block-column-is-layout-flow\">\n<p class=\"has-link-color wp-elements-26 wp-block-paragraph\"><a href=\"https:\/\/santanadoitarare.pr.gov.br\/transparencia\/governo-digital-e-transformacao-digital-da-administracao-publica-municipal\/\" target=\"_blank\" rel=\"noreferrer noopener\">Programa Governo Digital<\/a><\/p>\n<\/div>\n<\/div>\n\n\n\n<div class=\"wp-block-columns has-ast-global-color-2-color has-text-color has-link-color wp-elements-27 is-layout-flex wp-container-core-columns-is-layout-a33717c9 wp-block-columns-is-layout-flex\" style=\"margin-top:10px;margin-bottom:10px;padding-top:0px;padding-bottom:0px\">\n<div class=\"wp-block-column is-layout-flow wp-block-column-is-layout-flow\">\n<p class=\"has-link-color wp-elements-28 wp-block-paragraph\"><a href=\"https:\/\/transparencia.betha.cloud\/#\/ZAA6t2_GdA4J1ZCwMJsJgw==\/perguntas-frequentes\" target=\"_blank\" rel=\"noreferrer noopener\">Perguntas Frequentes<\/a><\/p>\n<\/div>\n\n\n\n<div class=\"wp-block-column is-layout-flow wp-block-column-is-layout-flow\">\n<p class=\"has-link-color wp-elements-29 wp-block-paragraph\"><a href=\"https:\/\/transparencia.betha.cloud\/#\/ZAA6t2_GdA4J1ZCwMJsJgw==\/glossario\" target=\"_blank\" rel=\"noreferrer noopener\">Gloss\u00e1rio<\/a><\/p>\n<\/div>\n\n\n\n<div class=\"wp-block-column is-layout-flow wp-block-column-is-layout-flow\">\n<p class=\"has-link-color wp-elements-30 wp-block-paragraph\"><a href=\"https:\/\/radardatransparencia.atricon.org.br\/\" target=\"_blank\" rel=\"noreferrer noopener\">Progr Nac Transp P\u00fablica-PNTP<\/a><\/p>\n<\/div>\n\n\n\n<div class=\"wp-block-column is-layout-flow wp-block-column-is-layout-flow\">\n<p class=\"has-link-color wp-elements-31 wp-block-paragraph\"><a href=\"https:\/\/www.youtube.com\/@TvSantanaema%C3%A7%C3%A3o\" target=\"_blank\" rel=\"noreferrer noopener\">TV Santana em A\u00e7\u00e3o<\/a><\/p>\n<\/div>\n<\/div>\n\n\n\n<div class=\"wp-block-columns has-ast-global-color-2-color has-text-color has-link-color wp-elements-32 is-layout-flex wp-container-core-columns-is-layout-a33717c9 wp-block-columns-is-layout-flex\" style=\"margin-top:10px;margin-bottom:10px;padding-top:0px;padding-bottom:0px\">\n<div class=\"wp-block-column is-layout-flow wp-block-column-is-layout-flow\">\n<p class=\"has-link-color wp-elements-33 wp-block-paragraph\"><a href=\"https:\/\/transparencia.betha.cloud\/#\/ZAA6t2_GdA4J1ZCwMJsJgw==\/dados-abertos\" target=\"_blank\" rel=\"noreferrer noopener\">Divulga\u00e7\u00e3o dos Dados Abertos<\/a><\/p>\n<\/div>\n\n\n\n<div class=\"wp-block-column is-layout-flow wp-block-column-is-layout-flow\">\n<p class=\"has-link-color wp-elements-34 wp-block-paragraph\"><a href=\"https:\/\/santanadoitarare.pr.gov.br\/transparencia\/wp-content\/uploads\/2026\/05\/defesa-civil.pdf\" target=\"_blank\" rel=\"noreferrer noopener\">Plano de Conting. Defesa Civil<\/a><\/p>\n<\/div>\n\n\n\n<div class=\"wp-block-column is-layout-flow wp-block-column-is-layout-flow\">\n<p class=\"has-link-color wp-elements-35 wp-block-paragraph\"><a href=\"https:\/\/santanadoitarare.pr.gov.br\/transparencia\/mapa-do-site\/\" target=\"_blank\" rel=\"noreferrer noopener\">Mapa do Site<\/a><\/p>\n<\/div>\n\n\n\n<div class=\"wp-block-column is-layout-flow wp-block-column-is-layout-flow\">\n<p class=\"has-link-color wp-elements-36 wp-block-paragraph\"><a href=\"https:\/\/santanadoitarare.pr.gov.br\/transparencia\/e-sic-sistema-eletronico-do-servico-de-informacoes-ao-cidadao\/\" target=\"_blank\" rel=\"noreferrer noopener\">Fala Cidad\u00e3o\/Ouvidoria\/e-SIC<\/a><\/p>\n<\/div>\n<\/div>\n\n\n\n<div class=\"wp-block-uagb-separator uagb-block-d3850736\"><div class=\"wp-block-uagb-separator__inner\" style=\"--my-background-image:\"><\/div><\/div>\n\n\n\n<p class=\"wp-block-paragraph\" id=\"ADMINISTRACAO\" style=\"font-size:25px\"><img loading=\"lazy\" decoding=\"async\" width=\"35\" height=\"35\" class=\"wp-image-1095\" style=\"width: 35px;\" src=\"https:\/\/santanadoitarare.pr.gov.br\/transparencia\/wp-content\/uploads\/2026\/05\/administracao_18353330-150x150-1.png\" alt=\"\"> <strong>ADMINISTRA\u00c7\u00c3O <\/strong><\/p>\n\n\n\n<div class=\"wp-block-columns has-ast-global-color-2-color has-text-color has-link-color wp-elements-37 is-layout-flex wp-container-core-columns-is-layout-51de9041 wp-block-columns-is-layout-flex\" style=\"margin-top:-20px;margin-bottom:10px;padding-top:0px;padding-bottom:0px\">\n<div class=\"wp-block-column is-layout-flow wp-block-column-is-layout-flow\">\n<p class=\"has-link-color wp-elements-38 wp-block-paragraph\" style=\"text-transform:none\"><a href=\"https:\/\/transparencia.betha.cloud\/#\/ZAA6t2_GdA4J1ZCwMJsJgw==\/consultas\/61434\" target=\"_blank\" rel=\"noreferrer noopener\">Receitas<\/a><\/p>\n<\/div>\n\n\n\n<div class=\"wp-block-column is-layout-flow wp-block-column-is-layout-flow\">\n<p class=\"has-link-color wp-elements-39 wp-block-paragraph\" style=\"text-transform:none\"><a href=\"https:\/\/transparencia.betha.cloud\/#\/ZAA6t2_GdA4J1ZCwMJsJgw==\/consultas\/61433\" target=\"_blank\" rel=\"noreferrer noopener\">Despesas<\/a><\/p>\n<\/div>\n\n\n\n<div class=\"wp-block-column is-layout-flow wp-block-column-is-layout-flow\">\n<p class=\"has-link-color wp-elements-40 wp-block-paragraph\" style=\"text-transform:none\"><a href=\"https:\/\/transparencia.betha.cloud\/#\/ZAA6t2_GdA4J1ZCwMJsJgw==\/consulta\/146498\" target=\"_blank\" rel=\"noreferrer noopener\">Conv\u00eanios Recebidos<\/a><\/p>\n<\/div>\n\n\n\n<div class=\"wp-block-column is-layout-flow wp-block-column-is-layout-flow\">\n<p class=\"has-link-color wp-elements-41 wp-block-paragraph\" style=\"text-transform:none\"><a href=\"https:\/\/santanadoitarare.pr.gov.br\/transparencia\/renuncias-de-receitas\/\" target=\"_blank\" rel=\"noreferrer noopener\">Ren\u00fancia de Receitas<\/a><\/p>\n<\/div>\n<\/div>\n\n\n\n<div class=\"wp-block-columns has-ast-global-color-2-color has-text-color has-link-color wp-elements-42 is-layout-flex wp-container-core-columns-is-layout-a33717c9 wp-block-columns-is-layout-flex\" style=\"margin-top:10px;margin-bottom:10px;padding-top:0px;padding-bottom:0px\">\n<div class=\"wp-block-column is-layout-flow wp-block-column-is-layout-flow\">\n<p class=\"has-link-color wp-elements-43 wp-block-paragraph\" style=\"text-transform:none\"><a href=\"https:\/\/transparencia.betha.cloud\/#\/ZAA6t2_GdA4J1ZCwMJsJgw==\/consulta\/146396\" target=\"_blank\" rel=\"noreferrer noopener\">Processos Licitat\u00f3rios<\/a><\/p>\n<\/div>\n\n\n\n<div class=\"wp-block-column is-layout-flow wp-block-column-is-layout-flow\">\n<p class=\"has-link-color wp-elements-44 wp-block-paragraph\" style=\"text-transform:none\"><a href=\"https:\/\/transparencia.betha.cloud\/#\/ZAA6t2_GdA4J1ZCwMJsJgw==\/consulta\/146568\" target=\"_blank\" rel=\"noreferrer noopener\">Compras Diretas<\/a><\/p>\n<\/div>\n\n\n\n<div class=\"wp-block-column is-layout-flow wp-block-column-is-layout-flow\">\n<p class=\"has-link-color wp-elements-45 wp-block-paragraph\" style=\"text-transform:none\"><a href=\"https:\/\/santanadoitarare.pr.gov.br\/transparencia\/chamada-publica\/\" target=\"_blank\" rel=\"noreferrer noopener\">Chamada P\u00fablica<\/a><\/p>\n<\/div>\n\n\n\n<div class=\"wp-block-column is-layout-flow wp-block-column-is-layout-flow\">\n<p class=\"has-link-color wp-elements-46 wp-block-paragraph\" style=\"text-transform:none\"><a href=\"https:\/\/transparencia.betha.cloud\/#\/ZAA6t2_GdA4J1ZCwMJsJgw==\/consulta\/146559\" target=\"_blank\" rel=\"noreferrer noopener\">Contratos e Aditivos Licita\u00e7\u00e3o<\/a><\/p>\n<\/div>\n<\/div>\n\n\n\n<div class=\"wp-block-columns has-ast-global-color-2-color has-text-color has-link-color wp-elements-47 is-layout-flex wp-container-core-columns-is-layout-a33717c9 wp-block-columns-is-layout-flex\" style=\"margin-top:10px;margin-bottom:10px;padding-top:0px;padding-bottom:0px\">\n<div class=\"wp-block-column is-layout-flow wp-block-column-is-layout-flow\">\n<p class=\"has-link-color wp-elements-48 wp-block-paragraph\"><a href=\"https:\/\/transparencia.betha.cloud\/#\/ZAA6t2_GdA4J1ZCwMJsJgw==\/consulta\/186958\" target=\"_blank\" rel=\"noreferrer noopener\">Fiscais de Contratos<\/a><\/p>\n<\/div>\n\n\n\n<div class=\"wp-block-column is-layout-flow wp-block-column-is-layout-flow\">\n<p class=\"has-link-color wp-elements-49 wp-block-paragraph\"><a href=\"https:\/\/transparencia.betha.cloud\/#\/ZAA6t2_GdA4J1ZCwMJsJgw==\/consulta\/146232\" target=\"_blank\" rel=\"noreferrer noopener\">Atas de Registro de Pre\u00e7os<\/a><\/p>\n<\/div>\n\n\n\n<div class=\"wp-block-column is-layout-flow wp-block-column-is-layout-flow\">\n<p class=\"has-link-color wp-elements-50 wp-block-paragraph\"><a href=\"https:\/\/transparencia.betha.cloud\/#\/ZAA6t2_GdA4J1ZCwMJsJgw==\/consulta\/386267\" target=\"_blank\" rel=\"noreferrer noopener\">Atas de Ades\u00e3o &#8211; SRP<\/a><\/p>\n<\/div>\n\n\n\n<div class=\"wp-block-column is-layout-flow wp-block-column-is-layout-flow\">\n<p class=\"has-link-color wp-elements-51 wp-block-paragraph\"><a href=\"https:\/\/transparencia.betha.cloud\/#\/ZAA6t2_GdA4J1ZCwMJsJgw==\/consulta\/146339\" target=\"_blank\" rel=\"noreferrer noopener\">Controle de Estoque<\/a><\/p>\n<\/div>\n<\/div>\n\n\n\n<div class=\"wp-block-columns has-ast-global-color-2-color has-text-color has-link-color wp-elements-52 is-layout-flex wp-container-core-columns-is-layout-a33717c9 wp-block-columns-is-layout-flex\" style=\"margin-top:10px;margin-bottom:10px;padding-top:0px;padding-bottom:0px\">\n<div class=\"wp-block-column is-layout-flow wp-block-column-is-layout-flow\" style=\"padding-top:0px;padding-bottom:0px\">\n<p class=\"has-link-color wp-elements-53 wp-block-paragraph\"><a href=\"https:\/\/transparencia.betha.cloud\/#\/ZAA6t2_GdA4J1ZCwMJsJgw==\/consulta\/146355\" target=\"_blank\" rel=\"noreferrer noopener\">Obras P\u00fablicas<\/a><\/p>\n<\/div>\n\n\n\n<div class=\"wp-block-column is-layout-flow wp-block-column-is-layout-flow\">\n<p class=\"has-link-color wp-elements-54 wp-block-paragraph\"><a href=\"https:\/\/transparencia.betha.cloud\/#\/ZAA6t2_GdA4J1ZCwMJsJgw==\/consulta\/357399\" target=\"_blank\" rel=\"noreferrer noopener\">Obras P\u00fablicas Paralisadas<\/a><\/p>\n<\/div>\n\n\n\n<div class=\"wp-block-column is-layout-flow wp-block-column-is-layout-flow\">\n<p class=\"has-link-color wp-elements-55 wp-block-paragraph\"><a href=\"https:\/\/santanadoitarare.pr.gov.br\/transparencia\/desoneracoes-concedidas\/\" target=\"_blank\" rel=\"noreferrer noopener\">Desonera\u00e7\u00f5es Concedidas<\/a><\/p>\n<\/div>\n\n\n\n<div class=\"wp-block-column is-layout-flow wp-block-column-is-layout-flow\">\n<p class=\"has-link-color wp-elements-56 wp-block-paragraph\"><a href=\"https:\/\/transparencia.betha.cloud\/#\/ZAA6t2_GdA4J1ZCwMJsJgw==\/consulta\/331629\" target=\"_blank\" rel=\"noreferrer noopener\">Emendas Parlamentares Federais<\/a><\/p>\n<\/div>\n<\/div>\n\n\n\n<div class=\"wp-block-columns has-ast-global-color-2-color has-text-color has-link-color wp-elements-57 is-layout-flex wp-container-core-columns-is-layout-a33717c9 wp-block-columns-is-layout-flex\" style=\"margin-top:10px;margin-bottom:10px;padding-top:0px;padding-bottom:0px\">\n<div class=\"wp-block-column is-layout-flow wp-block-column-is-layout-flow\">\n<p class=\"has-link-color wp-elements-58 wp-block-paragraph\"><a href=\"https:\/\/transparencia.betha.cloud\/#\/ZAA6t2_GdA4J1ZCwMJsJgw==\/consulta\/333055\" target=\"_blank\" rel=\"noreferrer noopener\">Emendas Parlam. Est. e Municipais<\/a><\/p>\n<\/div>\n\n\n\n<div class=\"wp-block-column is-layout-flow wp-block-column-is-layout-flow\">\n<p class=\"has-link-color wp-elements-59 wp-block-paragraph\"><a href=\"https:\/\/transparencia.betha.cloud\/#\/ZAA6t2_GdA4J1ZCwMJsJgw==\/consulta\/333498\" target=\"_blank\" rel=\"noreferrer noopener\">Emendas Parl.- Exec. Or\u00e7. e Fin.<\/a><\/p>\n<\/div>\n\n\n\n<div class=\"wp-block-column is-layout-flow wp-block-column-is-layout-flow\">\n<p class=\"has-link-color wp-elements-60 wp-block-paragraph\"><a href=\"https:\/\/transparencia.betha.cloud\/#\/ZAA6t2_GdA4J1ZCwMJsJgw==\/consulta\/185978\" target=\"_blank\" rel=\"noreferrer noopener\">Emendas PIX<\/a><\/p>\n<\/div>\n\n\n\n<div class=\"wp-block-column is-layout-flow wp-block-column-is-layout-flow\">\n<p class=\"has-link-color wp-elements-61 wp-block-paragraph\"><a href=\"https:\/\/transparencia.betha.cloud\/#\/ZAA6t2_GdA4J1ZCwMJsJgw==\/consulta\/146390\" target=\"_blank\" rel=\"noreferrer noopener\">Parceria e Conv\u00eanios Repassados<\/a><\/p>\n<\/div>\n<\/div>\n\n\n\n<div class=\"wp-block-columns has-ast-global-color-2-color has-text-color has-link-color wp-elements-62 is-layout-flex wp-container-core-columns-is-layout-a33717c9 wp-block-columns-is-layout-flex\" style=\"margin-top:10px;margin-bottom:10px;padding-top:0px;padding-bottom:0px\">\n<div class=\"wp-block-column is-layout-flow wp-block-column-is-layout-flow\">\n<p class=\"has-link-color wp-elements-63 wp-block-paragraph\"><a href=\"https:\/\/portaldatransparencia.gov.br\/transferencias\/consulta?ordenarPor=mesAno&amp;direcao=desc\" target=\"_blank\" rel=\"noreferrer noopener\">Repasses do Governo Federal<\/a><\/p>\n<\/div>\n\n\n\n<div class=\"wp-block-column is-layout-flow wp-block-column-is-layout-flow\">\n<p class=\"has-link-color wp-elements-64 wp-block-paragraph\"><a href=\"https:\/\/www.transparencia.pr.gov.br\/pte\/assunto\/4\/100?origem=2\" target=\"_blank\" rel=\"noreferrer noopener\">Repasses do Governo Estadual<\/a><\/p>\n<\/div>\n\n\n\n<div class=\"wp-block-column is-layout-flow wp-block-column-is-layout-flow\">\n<p class=\"has-link-color wp-elements-65 wp-block-paragraph\"><a href=\"https:\/\/santanadoitarare.pr.gov.br\/transparencia\/relatorio-de-gestao-e-atividades\/\" target=\"_blank\" rel=\"noreferrer noopener\">Relat\u00f3rio de Gest\u00e3o e Atividades<\/a><\/p>\n<\/div>\n\n\n\n<div class=\"wp-block-column is-layout-flow wp-block-column-is-layout-flow\">\n<p class=\"has-link-color wp-elements-66 wp-block-paragraph\"><a href=\"https:\/\/santanadoitarare.pr.gov.br\/transparencia\/acordos-s-transferencia-financeira\/\" target=\"_blank\" rel=\"noreferrer noopener\">Acordos s\/ Transf. Financeiras<\/a><\/p>\n<\/div>\n<\/div>\n\n\n\n<div class=\"wp-block-columns has-ast-global-color-2-color has-text-color has-link-color wp-elements-67 is-layout-flex wp-container-core-columns-is-layout-a33717c9 wp-block-columns-is-layout-flex\" style=\"margin-top:10px;margin-bottom:10px;padding-top:0px;padding-bottom:0px\">\n<div class=\"wp-block-column is-layout-flow wp-block-column-is-layout-flow\">\n<p class=\"has-link-color wp-elements-68 wp-block-paragraph\"><a href=\"https:\/\/santanadoitarare.pr.gov.br\/transparencia\/wp-content\/uploads\/2026\/05\/Plano_Estrategico_Santana_2025_2028_Detalhado.pdf\" target=\"_blank\" rel=\"noreferrer noopener\">Plano Estrat\u00e9gico Institucional<\/a><\/p>\n<\/div>\n\n\n\n<div class=\"wp-block-column is-layout-flow wp-block-column-is-layout-flow\">\n<p class=\"has-link-color wp-elements-69 wp-block-paragraph\"><a href=\"https:\/\/santanadoitarare.pr.gov.br\/transparencia\/atas-de-audiencias-publicas\/\" target=\"_blank\" rel=\"noreferrer noopener\">Atas de Audi\u00eancias P\u00fablicas<\/a><\/p>\n<\/div>\n\n\n\n<div class=\"wp-block-column is-layout-flow wp-block-column-is-layout-flow\">\n<p class=\"has-link-color wp-elements-70 wp-block-paragraph\"><a href=\"https:\/\/santanadoitarare.pr.gov.br\/transparencia\/controle-interno\/\" target=\"_blank\" rel=\"noreferrer noopener\">Controle Interno<\/a><\/p>\n<\/div>\n\n\n\n<div class=\"wp-block-column is-layout-flow wp-block-column-is-layout-flow\">\n<p class=\"has-link-color wp-elements-71 wp-block-paragraph\"><a href=\"https:\/\/transparencia.betha.cloud\/#\/ZAA6t2_GdA4J1ZCwMJsJgw==\/consulta\/146511\" target=\"_blank\" rel=\"noreferrer noopener\">Frota\/Rela\u00e7\u00e3o de Ve\u00edculos<\/a><\/p>\n<\/div>\n<\/div>\n\n\n\n<div class=\"wp-block-columns has-ast-global-color-2-color has-text-color has-link-color wp-elements-72 is-layout-flex wp-container-core-columns-is-layout-a33717c9 wp-block-columns-is-layout-flex\" style=\"margin-top:10px;margin-bottom:10px;padding-top:0px;padding-bottom:0px\">\n<div class=\"wp-block-column is-layout-flow wp-block-column-is-layout-flow\">\n<p class=\"has-link-color wp-elements-73 wp-block-paragraph\"><a href=\"https:\/\/transparencia.betha.cloud\/#\/ZAA6t2_GdA4J1ZCwMJsJgw==\/consulta\/146263\" target=\"_blank\" rel=\"noreferrer noopener\">D\u00edvida ativa<\/a><\/p>\n<\/div>\n\n\n\n<div class=\"wp-block-column is-layout-flow wp-block-column-is-layout-flow\">\n<p class=\"has-link-color wp-elements-74 wp-block-paragraph\"><a href=\"https:\/\/santanadoitarare.pr.gov.br\/transparencia\/programa-de-avaliacao-de-contas-municipais-de-governo-progov\/\" target=\"_blank\" rel=\"noreferrer noopener\">PROGOV<\/a><\/p>\n<\/div>\n\n\n\n<div class=\"wp-block-column is-layout-flow wp-block-column-is-layout-flow\">\n<p class=\"has-link-color wp-elements-75 wp-block-paragraph\"><a href=\"https:\/\/santanadoitarare.pr.gov.br\/transparencia\/carta-de-servicos-ao-cidadao\/\" target=\"_blank\" rel=\"noreferrer noopener\">Carta de Servi\u00e7os ao Cidad\u00e3o<\/a><\/p>\n<\/div>\n\n\n\n<div class=\"wp-block-column is-layout-flow wp-block-column-is-layout-flow\">\n<p class=\"wp-block-paragraph\"><\/p>\n<\/div>\n<\/div>\n\n\n\n<div class=\"wp-block-uagb-separator uagb-block-aa77cc94\"><div class=\"wp-block-uagb-separator__inner\" style=\"--my-background-image:\"><\/div><\/div>\n\n\n\n<p class=\"wp-block-paragraph\" id=\"PESSOAL\" style=\"font-size:25px\"><img loading=\"lazy\" decoding=\"async\" width=\"30\" height=\"30\" class=\"wp-image-1113\" style=\"width: 30px;\" src=\"https:\/\/santanadoitarare.pr.gov.br\/transparencia\/wp-content\/uploads\/2026\/05\/pessoal_14164909-150x150-1.png\" alt=\"\"> <strong>PESSOAL\/SERVIDORES<\/strong><\/p>\n\n\n\n<div class=\"wp-block-columns has-ast-global-color-2-color has-text-color has-link-color wp-elements-76 is-layout-flex wp-container-core-columns-is-layout-51de9041 wp-block-columns-is-layout-flex\" style=\"margin-top:-20px;margin-bottom:10px;padding-top:0px;padding-bottom:0px\">\n<div class=\"wp-block-column is-layout-flow wp-block-column-is-layout-flow\">\n<p class=\"has-link-color wp-elements-77 wp-block-paragraph\" style=\"text-transform:none\"><a href=\"https:\/\/transparencia.betha.cloud\/#\/ZAA6t2_GdA4J1ZCwMJsJgw==\/consulta\/146555\" target=\"_blank\" rel=\"noreferrer noopener\">Servidores Ativos<\/a><\/p>\n<\/div>\n\n\n\n<div class=\"wp-block-column is-layout-flow wp-block-column-is-layout-flow\">\n<p class=\"has-link-color wp-elements-78 wp-block-paragraph\" style=\"text-transform:none\"><a href=\"https:\/\/transparencia.betha.cloud\/#\/ZAA6t2_GdA4J1ZCwMJsJgw==\/consulta\/155094\" target=\"_blank\" rel=\"noreferrer noopener\">Servidores Tempor\u00e1rios<\/a><\/p>\n<\/div>\n\n\n\n<div class=\"wp-block-column is-layout-flow wp-block-column-is-layout-flow\">\n<p class=\"has-link-color wp-elements-79 wp-block-paragraph\" style=\"text-transform:none\"><a href=\"https:\/\/transparencia.betha.cloud\/#\/ZAA6t2_GdA4J1ZCwMJsJgw==\/consulta\/155093\" target=\"_blank\" rel=\"noreferrer noopener\">Servidores Inativos<\/a><\/p>\n<\/div>\n\n\n\n<div class=\"wp-block-column is-layout-flow wp-block-column-is-layout-flow\">\n<p class=\"has-link-color wp-elements-80 wp-block-paragraph\" style=\"text-transform:none\"><a href=\"https:\/\/transparencia.betha.cloud\/#\/ZAA6t2_GdA4J1ZCwMJsJgw==\/consulta\/146529\" target=\"_blank\" rel=\"noreferrer noopener\">Serv. Cedidos a outros \u00f3rg\u00e3os<\/a><\/p>\n<\/div>\n<\/div>\n\n\n\n<div class=\"wp-block-columns has-ast-global-color-2-color has-text-color has-link-color wp-elements-81 is-layout-flex wp-container-core-columns-is-layout-a33717c9 wp-block-columns-is-layout-flex\" style=\"margin-top:10px;margin-bottom:10px;padding-top:0px;padding-bottom:0px\">\n<div class=\"wp-block-column is-layout-flow wp-container-core-column-is-layout-a2d3b37e wp-block-column-is-layout-flow\" style=\"padding-top:0px;padding-bottom:0px\">\n<p class=\"has-link-color wp-elements-82 wp-block-paragraph\" style=\"text-transform:none\"><a href=\"https:\/\/transparencia.betha.cloud\/#\/ZAA6t2_GdA4J1ZCwMJsJgw==\/agrupador\/146306\" target=\"_blank\" rel=\"noreferrer noopener\">Folha de Pagamento<\/a><\/p>\n<\/div>\n\n\n\n<div class=\"wp-block-column is-layout-flow wp-block-column-is-layout-flow\">\n<p class=\"has-link-color wp-elements-83 wp-block-paragraph\" style=\"text-transform:none\"><a href=\"https:\/\/transparencia.betha.cloud\/#\/ZAA6t2_GdA4J1ZCwMJsJgw==\/consulta\/146550\" target=\"_blank\" rel=\"noreferrer noopener\">Hor\u00e1rio e Local de Trabalho<\/a><\/p>\n<\/div>\n\n\n\n<div class=\"wp-block-column is-layout-flow wp-block-column-is-layout-flow\">\n<p class=\"has-link-color wp-elements-84 wp-block-paragraph\" style=\"text-transform:none\"><a href=\"https:\/\/santanadoitarare.pr.gov.br\/transparencia\/tabela-de-remuneracoes\/\">Tabela de Remunera\u00e7\u00f5es<\/a><\/p>\n<\/div>\n\n\n\n<div class=\"wp-block-column is-layout-flow wp-block-column-is-layout-flow\">\n<p class=\"has-link-color wp-elements-85 wp-block-paragraph\" style=\"text-transform:none\"><a href=\"https:\/\/transparencia.betha.cloud\/#\/ZAA6t2_GdA4J1ZCwMJsJgw==\/consulta\/155098\" target=\"_blank\" rel=\"noreferrer noopener\">Agentes Pol\u00edticos<\/a><\/p>\n<\/div>\n<\/div>\n\n\n\n<div class=\"wp-block-columns has-ast-global-color-2-color has-text-color has-link-color wp-elements-86 is-layout-flex wp-container-core-columns-is-layout-a33717c9 wp-block-columns-is-layout-flex\" style=\"margin-top:10px;margin-bottom:10px;padding-top:0px;padding-bottom:0px\">\n<div class=\"wp-block-column is-layout-flow wp-block-column-is-layout-flow\">\n<p class=\"has-link-color wp-elements-87 wp-block-paragraph\"><a href=\"https:\/\/santanadoitarare.pr.gov.br\/transparencia\/lei-das-diarias-e-tabela-de-valores\/\" target=\"_blank\" rel=\"noreferrer noopener\">Lei das di\u00e1rias\/Tab de valores<\/a><\/p>\n<\/div>\n\n\n\n<div class=\"wp-block-column is-layout-flow wp-block-column-is-layout-flow\">\n<p class=\"has-link-color wp-elements-88 wp-block-paragraph\"><a href=\"https:\/\/transparencia.betha.cloud\/#\/ZAA6t2_GdA4J1ZCwMJsJgw==\/consulta\/81569\" target=\"_blank\" rel=\"noreferrer noopener\">Pagamento de Di\u00e1rias e Viagens<\/a><\/p>\n<\/div>\n\n\n\n<div class=\"wp-block-column is-layout-flow wp-block-column-is-layout-flow\">\n<p class=\"has-link-color wp-elements-89 wp-block-paragraph\"><a href=\"https:\/\/transparencia.betha.cloud\/#\/ZAA6t2_GdA4J1ZCwMJsJgw==\/consulta\/146580\" target=\"_blank\" rel=\"noreferrer noopener\">Adiantamentos<\/a><\/p>\n<\/div>\n\n\n\n<div class=\"wp-block-column is-layout-flow wp-block-column-is-layout-flow\">\n<p class=\"has-link-color wp-elements-90 wp-block-paragraph\"><a href=\"https:\/\/santanadoitarare.pr.gov.br\/transparencia\/gastos-cartao-corporativo\/\" target=\"_blank\" rel=\"noreferrer noopener\">Cart\u00e3o Corporativo<\/a><\/p>\n<\/div>\n<\/div>\n\n\n\n<div class=\"wp-block-columns has-ast-global-color-2-color has-text-color has-link-color wp-elements-91 is-layout-flex wp-container-core-columns-is-layout-a33717c9 wp-block-columns-is-layout-flex\" style=\"margin-top:10px;margin-bottom:10px;padding-top:0px;padding-bottom:0px\">\n<div class=\"wp-block-column is-layout-flow wp-block-column-is-layout-flow\" style=\"padding-top:0px;padding-bottom:0px\">\n<p class=\"has-link-color wp-elements-92 wp-block-paragraph\"><a href=\"https:\/\/transparencia.betha.cloud\/#\/ZAA6t2_GdA4J1ZCwMJsJgw==\/consulta\/146580\" target=\"_blank\" rel=\"noreferrer noopener\">Adiantamento e Reembolsos<\/a><\/p>\n<\/div>\n\n\n\n<div class=\"wp-block-column is-layout-flow wp-block-column-is-layout-flow\">\n<p class=\"has-link-color wp-elements-93 wp-block-paragraph\"><a href=\"https:\/\/santanadoitarare.pr.gov.br\/transparencia\/verbas-de-representacao-e-de-gabinete\/\" target=\"_blank\" rel=\"noreferrer noopener\">Verb. de Repres. e de Gabinete<\/a><\/p>\n<\/div>\n\n\n\n<div class=\"wp-block-column is-layout-flow wp-block-column-is-layout-flow\">\n<p class=\"has-link-color wp-elements-94 wp-block-paragraph\"><a href=\"https:\/\/santanadoitarare.pr.gov.br\/transparencia\/compra-de-passagens-aereas-e-rodoviarias\/\">Desp. Pass. Rodovi\u00e1rias\/A\u00e9reas<\/a><\/p>\n<\/div>\n\n\n\n<div class=\"wp-block-column is-layout-flow wp-block-column-is-layout-flow\">\n<p class=\"has-link-color wp-elements-95 wp-block-paragraph\"><a href=\"https:\/\/santanadoitarare.pr.gov.br\/transparencia\/concursos-e-processos-seletivos\/\" target=\"_blank\" rel=\"noreferrer noopener\">Concurso e Processos Seletivos<\/a><\/p>\n<\/div>\n<\/div>\n\n\n\n<div class=\"wp-block-columns has-ast-global-color-2-color has-text-color has-link-color wp-elements-96 is-layout-flex wp-container-core-columns-is-layout-a33717c9 wp-block-columns-is-layout-flex\" style=\"margin-top:10px;margin-bottom:10px;padding-top:0px;padding-bottom:0px\">\n<div class=\"wp-block-column is-layout-flow wp-block-column-is-layout-flow\">\n<p class=\"has-link-color wp-elements-97 wp-block-paragraph\"><a href=\"https:\/\/santanadoitarare.pr.gov.br\/transparencia\/terceirizados-2\/\" target=\"_blank\" rel=\"noreferrer noopener\">Terceirizados<\/a><\/p>\n<\/div>\n\n\n\n<div class=\"wp-block-column is-layout-flow wp-block-column-is-layout-flow\">\n<p class=\"has-link-color wp-elements-98 wp-block-paragraph\"><a href=\"https:\/\/santanadoitarare.pr.gov.br\/transparencia\/estagiarios\/\" target=\"_blank\" rel=\"noreferrer noopener\">Estagi\u00e1rios<\/a><\/p>\n<\/div>\n\n\n\n<div class=\"wp-block-column is-layout-flow wp-block-column-is-layout-flow\">\n<p class=\"wp-block-paragraph\"><\/p>\n<\/div>\n\n\n\n<div class=\"wp-block-column is-layout-flow wp-block-column-is-layout-flow\">\n<p class=\"wp-block-paragraph\"><\/p>\n<\/div>\n<\/div>\n\n\n\n<div class=\"wp-block-uagb-separator uagb-block-581f19ee\"><div class=\"wp-block-uagb-separator__inner\" style=\"--my-background-image:\"><\/div><\/div>\n\n\n\n<p class=\"wp-block-paragraph\" id=\"ORCAMENTO\" style=\"font-size:25px\"><img loading=\"lazy\" decoding=\"async\" width=\"35\" height=\"35\" class=\"wp-image-1134\" style=\"width: 35px;\" src=\"https:\/\/santanadoitarare.pr.gov.br\/transparencia\/wp-content\/uploads\/2026\/05\/orcamento_17557573-150x150-1.png\" alt=\"\"><strong>OR\u00c7AMENTO \/ CONTAS P\u00daBLICA (Receitas e Despesas)<\/strong><\/p>\n\n\n\n<p class=\"wp-block-paragraph\" style=\"margin-top:-25px;font-size:14px\">Em cada pasta\/ano possui: Lei do Plano Plurianual \u2013 PPA; Lei de Diretrizes Or\u00e7ament\u00e1rias \u2013 LDO; Lei Or\u00e7ament\u00e1ria Anual \u2013 LOA; Plano de Contas do Munic\u00edpio; Receitas; Despesas; Rela\u00e7\u00e3o de Despesas Empenhadas, Liquidadas e Pagas; Relat\u00f3rios de Gest\u00e3o Fiscal \u2013 RGF; Relat\u00f3rios Resumido da Execu\u00e7\u00e3o Or\u00e7ament\u00e1ria \u2013 RREO; Movimenta\u00e7\u00e3o de contas correntes banc\u00e1rias; Atas de Audi\u00eancias P\u00fablicas; Balan\u00e7os Or\u00e7ament\u00e1rios, Financeiros e Patrimoniais.<\/p>\n\n\n\n<div class=\"wp-block-columns has-ast-global-color-2-color has-text-color has-link-color wp-elements-99 is-layout-flex wp-container-core-columns-is-layout-a33717c9 wp-block-columns-is-layout-flex\" style=\"margin-top:10px;margin-bottom:10px;padding-top:0px;padding-bottom:0px\">\n<div class=\"wp-block-column is-layout-flow wp-block-column-is-layout-flow\">\n<p class=\"has-link-color wp-elements-100 wp-block-paragraph\" style=\"text-transform:none\"><a href=\"https:\/\/santanadoitarare.pr.gov.br\/transparencia\/contas-publica-2026\/\" target=\"_blank\" rel=\"noreferrer noopener\">ANO 2026<\/a><\/p>\n<\/div>\n\n\n\n<div class=\"wp-block-column is-layout-flow wp-block-column-is-layout-flow\">\n<p class=\"has-link-color wp-elements-101 wp-block-paragraph\" style=\"text-transform:none\"><a href=\"https:\/\/santanadoitarare.pr.gov.br\/transparencia\/contas-publica-2025\/\" target=\"_blank\" rel=\"noreferrer noopener\">ANO 2025<\/a><\/p>\n<\/div>\n\n\n\n<div class=\"wp-block-column is-layout-flow wp-block-column-is-layout-flow\">\n<p class=\"has-link-color wp-elements-102 wp-block-paragraph\" style=\"text-transform:none\"><a href=\"https:\/\/santanadoitarare.pr.gov.br\/transparencia\/contas-publica-2024\/\" target=\"_blank\" rel=\"noreferrer noopener\">ANO 2024<\/a><\/p>\n<\/div>\n\n\n\n<div class=\"wp-block-column is-layout-flow wp-block-column-is-layout-flow\">\n<p class=\"has-link-color wp-elements-103 wp-block-paragraph\"><a href=\"https:\/\/santanadoitarare.pr.gov.br\/transparencia\/contas-publica-2023\/\" target=\"_blank\" rel=\"noreferrer noopener\">ANO 2023<\/a><\/p>\n<\/div>\n\n\n\n<div class=\"wp-block-column is-layout-flow wp-block-column-is-layout-flow\">\n<p class=\"has-link-color wp-elements-104 wp-block-paragraph\"><a href=\"https:\/\/santanadoitarare.pr.gov.br\/transparencia\/contas-publica-2022\/\" target=\"_blank\" rel=\"noreferrer noopener\">ANO 2022<\/a><\/p>\n<\/div>\n\n\n\n<div class=\"wp-block-column is-layout-flow wp-block-column-is-layout-flow\">\n<p class=\"has-link-color wp-elements-105 wp-block-paragraph\"><a href=\"https:\/\/santanadoitarare.pr.gov.br\/transparencia\/contas-publica-2021\/\" target=\"_blank\" rel=\"noreferrer noopener\">ANO 2021<\/a><\/p>\n<\/div>\n\n\n\n<div class=\"wp-block-column is-layout-flow wp-block-column-is-layout-flow\">\n<p class=\"wp-block-paragraph\" style=\"text-transform:none\"><\/p>\n<\/div>\n<\/div>\n\n\n\n<div class=\"wp-block-uagb-separator uagb-block-dad62672\"><div class=\"wp-block-uagb-separator__inner\" style=\"--my-background-image:\"><\/div><\/div>\n\n\n\n<p class=\"wp-block-paragraph\" id=\"LICITACOES\" style=\"font-size:25px\"><img loading=\"lazy\" decoding=\"async\" width=\"35\" height=\"35\" class=\"wp-image-1136\" style=\"width: 35px;\" src=\"https:\/\/santanadoitarare.pr.gov.br\/transparencia\/wp-content\/uploads\/2026\/05\/legal_16531294-150x150-1.png\" alt=\"\"> <strong>LICITA\u00c7\u00d5ES<\/strong><\/p>\n\n\n\n<div class=\"wp-block-columns has-ast-global-color-2-color has-text-color has-link-color wp-elements-106 is-layout-flex wp-container-core-columns-is-layout-bda83bbb wp-block-columns-is-layout-flex\" style=\"margin-top:-15px;margin-bottom:10px;padding-top:0px;padding-bottom:0px\">\n<div class=\"wp-block-column is-layout-flow wp-block-column-is-layout-flow\">\n<p class=\"has-link-color wp-elements-107 wp-block-paragraph\" style=\"text-transform:none\"><a href=\"https:\/\/transparencia.betha.cloud\/#\/ZAA6t2_GdA4J1ZCwMJsJgw==\/consulta\/146396\" target=\"_blank\" rel=\"noreferrer noopener\">Processos Licitat\u00f3rios<\/a><\/p>\n<\/div>\n\n\n\n<div class=\"wp-block-column is-layout-flow wp-block-column-is-layout-flow\">\n<p class=\"has-link-color wp-elements-108 wp-block-paragraph\" style=\"text-transform:none\"><a href=\"https:\/\/transparencia.betha.cloud\/#\/ZAA6t2_GdA4J1ZCwMJsJgw==\/consulta\/146252\" target=\"_blank\" rel=\"noreferrer noopener\">Dispensa de Licita\u00e7\u00e3o<\/a><\/p>\n<\/div>\n\n\n\n<div class=\"wp-block-column is-layout-flow wp-block-column-is-layout-flow\">\n<p class=\"has-link-color wp-elements-109 wp-block-paragraph\" style=\"text-transform:none\"><a href=\"https:\/\/transparencia.betha.cloud\/#\/ZAA6t2_GdA4J1ZCwMJsJgw==\/consulta\/146322\" target=\"_blank\" rel=\"noreferrer noopener\">Inexigibilidade de Licita\u00e7\u00e3o<\/a><\/p>\n<\/div>\n\n\n\n<div class=\"wp-block-column is-layout-flow wp-block-column-is-layout-flow\">\n<p class=\"has-link-color wp-elements-110 wp-block-paragraph\"><a href=\"https:\/\/transparencia.betha.cloud\/#\/ZAA6t2_GdA4J1ZCwMJsJgw==\/consulta\/146311\" target=\"_blank\" rel=\"noreferrer noopener\">Fornecedores Sancionados<\/a><\/p>\n<\/div>\n\n\n\n<div class=\"wp-block-column is-layout-flow wp-block-column-is-layout-flow\">\n<p class=\"has-link-color wp-elements-111 wp-block-paragraph\"><a href=\"https:\/\/transparencia.betha.cloud\/#\/ZAA6t2_GdA4J1ZCwMJsJgw==\/consulta\/146568\" target=\"_blank\" rel=\"noreferrer noopener\">Compras Diretas<\/a><\/p>\n<\/div>\n<\/div>\n\n\n\n<div class=\"wp-block-columns has-ast-global-color-2-color has-text-color has-link-color wp-elements-112 is-layout-flex wp-container-core-columns-is-layout-d55e2ecd wp-block-columns-is-layout-flex\" style=\"margin-top:0px;margin-bottom:0px;padding-top:0px;padding-bottom:0px\">\n<div class=\"wp-block-column is-layout-flow wp-container-core-column-is-layout-3ceb9c3f wp-block-column-is-layout-flow\" style=\"padding-top:20px;padding-bottom:0px\">\n<p class=\"has-link-color wp-elements-113 wp-block-paragraph\" style=\"text-transform:none\"><a href=\"https:\/\/santanadoitarare.pr.gov.br\/transparencia\/plano-anual-de-compras\/\" target=\"_blank\" rel=\"noreferrer noopener\">Plano Anual de Compras<\/a><\/p>\n<\/div>\n\n\n\n<div class=\"wp-block-column is-layout-flow wp-block-column-is-layout-flow\">\n<p class=\"wp-block-paragraph\" style=\"text-transform:none\"><\/p>\n<\/div>\n\n\n\n<div class=\"wp-block-column is-layout-flow wp-block-column-is-layout-flow\">\n<p class=\"wp-block-paragraph\" style=\"text-transform:none\"><\/p>\n<\/div>\n\n\n\n<div class=\"wp-block-column is-layout-flow wp-block-column-is-layout-flow\">\n<p class=\"wp-block-paragraph\"><\/p>\n<\/div>\n\n\n\n<div class=\"wp-block-column is-layout-flow wp-block-column-is-layout-flow\">\n<p class=\"wp-block-paragraph\"><\/p>\n<\/div>\n<\/div>\n\n\n\n<div class=\"wp-block-uagb-separator uagb-block-94c24887\"><div class=\"wp-block-uagb-separator__inner\" style=\"--my-background-image:\"><\/div><\/div>\n\n\n\n<p class=\"wp-block-paragraph\" id=\"EDUCACAO\" style=\"font-size:25px\"><img loading=\"lazy\" decoding=\"async\" width=\"35\" height=\"35\" class=\"wp-image-1146\" style=\"width: 35px;\" src=\"https:\/\/santanadoitarare.pr.gov.br\/transparencia\/wp-content\/uploads\/2026\/05\/escola_10214996-150x150-1.png\" alt=\"\"> <strong>EDUCA\u00c7\u00c3O<\/strong><\/p>\n\n\n\n<div class=\"wp-block-columns has-ast-global-color-2-color has-text-color has-link-color wp-elements-114 is-layout-flex wp-container-core-columns-is-layout-c3959bd3 wp-block-columns-is-layout-flex\" style=\"margin-top:-20px;margin-bottom:10px;padding-top:0px;padding-bottom:0px\">\n<div class=\"wp-block-column is-layout-flow wp-block-column-is-layout-flow\">\n<p class=\"has-link-color wp-elements-115 wp-block-paragraph\" style=\"text-transform:none\"><a href=\"https:\/\/santanadoitarare.pr.gov.br\/transparencia\/plano-municipal-de-educacao\/\" target=\"_blank\" rel=\"noreferrer noopener\">Plano Municipal de Educa\u00e7\u00e3o<\/a><\/p>\n<\/div>\n\n\n\n<div class=\"wp-block-column is-layout-flow wp-block-column-is-layout-flow\">\n<p class=\"has-link-color wp-elements-116 wp-block-paragraph\" style=\"text-transform:none\"><a href=\"https:\/\/santanadoitarare.pr.gov.br\/transparencia\/wp-content\/uploads\/2026\/05\/DECRETO-050-2023-SUBSTITUIR-OS-MEMBROS-DO-CONSELHO-MUNICIPAL-DE-EDUCACAO.pdf\" target=\"_blank\" rel=\"noreferrer noopener\">Conselho Municipal de Educa\u00e7\u00e3o<\/a><\/p>\n<\/div>\n\n\n\n<div class=\"wp-block-column is-layout-flow wp-block-column-is-layout-flow\">\n<p class=\"has-link-color wp-elements-117 wp-block-paragraph\" style=\"text-transform:none\"><a href=\"https:\/\/santanadoitarare.pr.gov.br\/transparencia\/conselho-municipal-cacs-fundeb\/\" target=\"_blank\" rel=\"noreferrer noopener\">Cons. Municipal &#8211; CACS FUNDEB<\/a><\/p>\n<\/div>\n\n\n\n<div class=\"wp-block-column is-layout-flow wp-block-column-is-layout-flow\">\n<p class=\"has-link-color wp-elements-118 wp-block-paragraph\"><a href=\"https:\/\/santanadoitarare.pr.gov.br\/transparencia\/receitas-e-despesas-educacao\/\" target=\"_blank\" rel=\"noreferrer noopener\">Receitas e Despesas Educa\u00e7\u00e3o<\/a><\/p>\n<\/div>\n<\/div>\n\n\n\n<div class=\"wp-block-columns has-ast-global-color-2-color has-text-color has-link-color wp-elements-119 is-layout-flex wp-container-core-columns-is-layout-3b56f870 wp-block-columns-is-layout-flex\" style=\"margin-top:10px;padding-top:0px;padding-bottom:0px\">\n<div class=\"wp-block-column is-layout-flow wp-block-column-is-layout-flow\">\n<p class=\"has-link-color wp-elements-120 wp-block-paragraph\" style=\"text-transform:none\"><a href=\"https:\/\/santanadoitarare.pr.gov.br\/transparencia\/prestacao-de-contas-educacao\/\" target=\"_blank\" rel=\"noreferrer noopener\">Presta\u00e7\u00e3o de Contas<\/a><\/p>\n<\/div>\n\n\n\n<div class=\"wp-block-column is-layout-flow wp-block-column-is-layout-flow\">\n<p class=\"has-link-color wp-elements-121 wp-block-paragraph\" style=\"text-transform:none\"><a href=\"https:\/\/santanadoitarare.pr.gov.br\/transparencia\/relatorio-de-monitoramento-do-pme\/\" target=\"_blank\" rel=\"noreferrer noopener\">Relat\u00f3rio do PME<\/a><\/p>\n<\/div>\n\n\n\n<div class=\"wp-block-column is-layout-flow wp-block-column-is-layout-flow\">\n<p class=\"has-link-color wp-elements-122 wp-block-paragraph\" style=\"text-transform:none\"><a href=\"https:\/\/santanadoitarare.pr.gov.br\/transparencia\/lista-de-espera-vagas-existentes-escola-e-creche-municipal\/\" target=\"_blank\" rel=\"noreferrer noopener\">Vagas existentes e ocupadas<\/a><\/p>\n<\/div>\n\n\n\n<div class=\"wp-block-column is-layout-flow wp-block-column-is-layout-flow\">\n<p class=\"has-link-color wp-elements-123 wp-block-paragraph\"><a href=\"https:\/\/santanadoitarare.pr.gov.br\/transparencia\/lista-de-espera-vagas-existentes-escola-e-creche-municipal\/\" target=\"_blank\" rel=\"noreferrer noopener\">Lista de Espera<\/a><\/p>\n<\/div>\n<\/div>\n\n\n\n<div class=\"wp-block-columns has-ast-global-color-2-color has-text-color has-link-color wp-elements-124 is-layout-flex wp-container-core-columns-is-layout-3b56f870 wp-block-columns-is-layout-flex\" style=\"margin-top:10px;padding-top:0px;padding-bottom:0px\">\n<div class=\"wp-block-column is-layout-flow wp-block-column-is-layout-flow\">\n<p class=\"has-link-color wp-elements-125 wp-block-paragraph\" style=\"text-transform:none\"><a href=\"https:\/\/santanadoitarare.pr.gov.br\/transparencia\/cardapio-escolar\/\" target=\"_blank\" rel=\"noreferrer noopener\">Card\u00e1pio Escolar<\/a><\/p>\n<\/div>\n\n\n\n<div class=\"wp-block-column is-layout-flow wp-block-column-is-layout-flow\">\n<p class=\"has-link-color wp-elements-126 wp-block-paragraph\" style=\"text-transform:none\"><a href=\"https:\/\/www.fnde.gov.br\/sigefweb\/index.php\/liberacoes\" target=\"_blank\" rel=\"noreferrer noopener\">FNDE &#8211; Libera\u00e7\u00f5es<\/a><\/p>\n<\/div>\n\n\n\n<div class=\"wp-block-column is-layout-flow wp-block-column-is-layout-flow\">\n<p class=\"wp-block-paragraph\" style=\"text-transform:none\"><a href=\"https:\/\/santanadoitarare.pr.gov.br\/transparencia\/resolucoes\/\" target=\"_blank\" rel=\"noreferrer noopener\">Resolu\u00e7\u00f5es<\/a><\/p>\n<\/div>\n\n\n\n<div class=\"wp-block-column is-layout-flow wp-block-column-is-layout-flow\">\n<p class=\"wp-block-paragraph\"><\/p>\n<\/div>\n<\/div>\n\n\n\n<div class=\"wp-block-uagb-separator uagb-block-fd5c738c\"><div class=\"wp-block-uagb-separator__inner\" style=\"--my-background-image:\"><\/div><\/div>\n\n\n\n<p class=\"wp-block-paragraph\" id=\"SAUDE\" style=\"font-size:25px\"><img loading=\"lazy\" decoding=\"async\" width=\"35\" height=\"35\" class=\"wp-image-1153\" style=\"width: 35px;\" src=\"https:\/\/santanadoitarare.pr.gov.br\/transparencia\/wp-content\/uploads\/2026\/05\/clinic_6967243-150x150-1.png\" alt=\"\"> <strong>SA\u00daDE<\/strong><\/p>\n\n\n\n<div class=\"wp-block-columns has-ast-global-color-2-color has-text-color has-link-color wp-elements-127 is-layout-flex wp-container-core-columns-is-layout-c3959bd3 wp-block-columns-is-layout-flex\" style=\"margin-top:-20px;margin-bottom:10px;padding-top:0px;padding-bottom:0px\">\n<div class=\"wp-block-column is-layout-flow wp-block-column-is-layout-flow\">\n<p class=\"has-link-color wp-elements-128 wp-block-paragraph\" style=\"text-transform:none\"><a href=\"https:\/\/santanadoitarare.pr.gov.br\/transparencia\/plano-de-saude\/\" target=\"_blank\" rel=\"noreferrer noopener\">Plano Municipal de Sa\u00fade<\/a><\/p>\n<\/div>\n\n\n\n<div class=\"wp-block-column is-layout-flow wp-block-column-is-layout-flow\">\n<p class=\"has-link-color wp-elements-129 wp-block-paragraph\" style=\"text-transform:none\"><a href=\"https:\/\/santanadoitarare.pr.gov.br\/transparencia\/conselho-municipal-de-saude\/\" target=\"_blank\" rel=\"noreferrer noopener\">Conselho Municipal de Sa\u00fade<\/a><\/p>\n<\/div>\n\n\n\n<div class=\"wp-block-column is-layout-flow wp-block-column-is-layout-flow\">\n<p class=\"has-link-color wp-elements-130 wp-block-paragraph\" style=\"text-transform:none\"><a href=\"https:\/\/santanadoitarare.pr.gov.br\/transparencia\/programacao-anual-de-saude\/\" target=\"_blank\" rel=\"noreferrer noopener\">Programa\u00e7\u00e3o Anual de Sa\u00fade<\/a><\/p>\n<\/div>\n\n\n\n<div class=\"wp-block-column is-layout-flow wp-block-column-is-layout-flow\">\n<p class=\"has-link-color wp-elements-131 wp-block-paragraph\"><a href=\"https:\/\/santanadoitarare.pr.gov.br\/transparencia\/relatorio-anual-de-gestao-saude\/\" target=\"_blank\" rel=\"noreferrer noopener\">Relat\u00f3rio Anual de Gest\u00e3o<\/a><\/p>\n<\/div>\n<\/div>\n\n\n\n<div class=\"wp-block-columns has-ast-global-color-2-color has-text-color has-link-color wp-elements-132 is-layout-flex wp-container-core-columns-is-layout-3b56f870 wp-block-columns-is-layout-flex\" style=\"margin-top:10px;padding-top:0px;padding-bottom:0px\">\n<div class=\"wp-block-column is-layout-flow wp-block-column-is-layout-flow\">\n<p class=\"has-link-color wp-elements-133 wp-block-paragraph\" style=\"text-transform:none\"><a href=\"https:\/\/santanadoitarare.pr.gov.br\/transparencia\/receitas-e-despesas-com-saude\/\" target=\"_blank\" rel=\"noreferrer noopener\">Receitas e Despesas com Sa\u00fade<\/a><\/p>\n<\/div>\n\n\n\n<div class=\"wp-block-column is-layout-flow wp-block-column-is-layout-flow\">\n<p class=\"has-link-color wp-elements-134 wp-block-paragraph\" style=\"text-transform:none\"><a href=\"https:\/\/santanadoitarare.pr.gov.br\/transparencia\/escala-dos-profissionais-da-saude\/\" target=\"_blank\" rel=\"noreferrer noopener\">Escala Profissionais de Sa\u00fade<\/a><\/p>\n<\/div>\n\n\n\n<div class=\"wp-block-column is-layout-flow wp-block-column-is-layout-flow\">\n<p class=\"has-link-color wp-elements-135 wp-block-paragraph\" style=\"text-transform:none\"><a href=\"https:\/\/santanadoitarare.pr.gov.br\/transparencia\/horario-de-atendimento-dos-profissionais-da-saude\/\" target=\"_blank\" rel=\"noreferrer noopener\">Hor\u00e1rio Atend. Profissionai<\/a>s<\/p>\n<\/div>\n\n\n\n<div class=\"wp-block-column is-layout-flow wp-block-column-is-layout-flow\">\n<p class=\"has-link-color wp-elements-136 wp-block-paragraph\"><a href=\"https:\/\/santanadoitarare.pr.gov.br\/transparencia\/transparencia-covid-19\/\" target=\"_blank\" rel=\"noreferrer noopener\">Transpar\u00eancia Covid 19<\/a><\/p>\n<\/div>\n<\/div>\n\n\n\n<div class=\"wp-block-columns has-ast-global-color-2-color has-text-color has-link-color wp-elements-137 is-layout-flex wp-container-core-columns-is-layout-3b56f870 wp-block-columns-is-layout-flex\" style=\"margin-top:10px;padding-top:0px;padding-bottom:0px\">\n<div class=\"wp-block-column is-layout-flow wp-block-column-is-layout-flow\">\n<p class=\"has-link-color wp-elements-138 wp-block-paragraph\" style=\"text-transform:none\"><a href=\"https:\/\/santanadoitarare.pr.gov.br\/transparencia\/remume\/\" target=\"_blank\" rel=\"noreferrer noopener\">REMUME<\/a><\/p>\n<\/div>\n\n\n\n<div class=\"wp-block-column is-layout-flow wp-block-column-is-layout-flow\">\n<p class=\"has-link-color wp-elements-139 wp-block-paragraph\" style=\"text-transform:none\"><a href=\"https:\/\/transparencia.betha.cloud\/#\/ZAA6t2_GdA4J1ZCwMJsJgw==\/consulta\/146281\" target=\"_blank\" rel=\"noreferrer noopener\">Estoques de Medicamentos<\/a><\/p>\n<\/div>\n\n\n\n<div class=\"wp-block-column is-layout-flow wp-block-column-is-layout-flow\">\n<p class=\"has-link-color wp-elements-140 wp-block-paragraph\" style=\"text-transform:none\"><a href=\"https:\/\/transparencia.betha.cloud\/#\/ZAA6t2_GdA4J1ZCwMJsJgw==\/consulta\/146281\" target=\"_blank\" rel=\"noreferrer noopener\">Estoque de Medicamentos UBS<\/a><\/p>\n<\/div>\n\n\n\n<div class=\"wp-block-column is-layout-flow wp-block-column-is-layout-flow\">\n<p class=\"has-link-color wp-elements-141 wp-block-paragraph\"><a href=\"https:\/\/santanadoitarare.pr.gov.br\/transparencia\/farmacia-de-alto-custo-ceaf\/\" target=\"_blank\" rel=\"noreferrer noopener\">F\u00e1rmacia de Alto Custo &#8211; CEAF<\/a><\/p>\n<\/div>\n<\/div>\n\n\n\n<div class=\"wp-block-columns has-ast-global-color-2-color has-text-color has-link-color wp-elements-142 is-layout-flex wp-container-core-columns-is-layout-3b56f870 wp-block-columns-is-layout-flex\" style=\"margin-top:10px;padding-top:0px;padding-bottom:0px\">\n<div class=\"wp-block-column is-layout-flow wp-block-column-is-layout-flow\">\n<p class=\"has-link-color wp-elements-143 wp-block-paragraph\" style=\"text-transform:none\"><a href=\"https:\/\/transparencia.betha.cloud\/#\/ZAA6t2_GdA4J1ZCwMJsJgw==\/consulta\/146388\" target=\"_blank\" rel=\"noreferrer noopener\">Pacientes em fila de espera<\/a><\/p>\n<\/div>\n\n\n\n<div class=\"wp-block-column is-layout-flow wp-block-column-is-layout-flow\">\n<p class=\"has-link-color wp-elements-144 wp-block-paragraph\" style=\"text-transform:none\"><a href=\"https:\/\/docs.google.com\/forms\/d\/e\/1FAIpQLSdzdwnM8magvZlJjmFpZyHkBYWSiul1AGrQDMsWZ43Epz8bcQ\/viewform?pli=1\" target=\"_blank\" rel=\"noreferrer noopener\">Pesquisa de Satisfa\u00e7\u00e3o<\/a><\/p>\n<\/div>\n\n\n\n<div class=\"wp-block-column is-layout-flow wp-block-column-is-layout-flow\"><\/div>\n\n\n\n<div class=\"wp-block-column is-layout-flow wp-block-column-is-layout-flow\">\n<p class=\"wp-block-paragraph\" style=\"text-transform:none\"><\/p>\n\n\n\n<p class=\"wp-block-paragraph\"><\/p>\n<\/div>\n<\/div>\n\n\n\n<div class=\"wp-block-uagb-separator uagb-block-d912b8ee\"><div class=\"wp-block-uagb-separator__inner\" style=\"--my-background-image:\"><\/div><\/div>\n\n\n\n<p class=\"wp-block-paragraph\" id=\"ASOCIAL\" style=\"font-size:25px\"><img loading=\"lazy\" decoding=\"async\" width=\"34\" height=\"34\" class=\"wp-image-1161\" style=\"width: 34px;\" src=\"https:\/\/santanadoitarare.pr.gov.br\/transparencia\/wp-content\/uploads\/2026\/05\/social-care_2618545-150x150-1.png\" alt=\"\"> <strong>ASSIST\u00caNCIA SOCIAL<\/strong><\/p>\n\n\n\n<div class=\"wp-block-columns has-ast-global-color-2-color has-text-color has-link-color wp-elements-145 is-layout-flex wp-container-core-columns-is-layout-c3959bd3 wp-block-columns-is-layout-flex\" style=\"margin-top:-20px;margin-bottom:10px;padding-top:0px;padding-bottom:0px\">\n<div class=\"wp-block-column is-layout-flow wp-block-column-is-layout-flow\">\n<p class=\"has-link-color wp-elements-146 wp-block-paragraph\" style=\"text-transform:none\"><a href=\"https:\/\/santanadoitarare.pr.gov.br\/transparencia\/wp-content\/uploads\/2026\/05\/PMAS-2022-2025.pdf\" target=\"_blank\" rel=\"noreferrer noopener\">Plano Municipal de Assist. Social 2022\/2025<\/a><\/p>\n<\/div>\n\n\n\n<div class=\"wp-block-column is-layout-flow wp-block-column-is-layout-flow\">\n<p class=\"has-link-color wp-elements-147 wp-block-paragraph\" style=\"text-transform:none\"><a href=\"https:\/\/santanadoitarare.pr.gov.br\/transparencia\/wp-content\/uploads\/2026\/05\/Plano-Municipal-dos-Direitos-da-Pessoa-com-Deficiencia.pdf\" target=\"_blank\" rel=\"noreferrer noopener\">Pl. Mun. dos Dir. da Pessoa com Defici\u00eancia<\/a><\/p>\n<\/div>\n\n\n\n<div class=\"wp-block-column is-layout-flow wp-block-column-is-layout-flow\">\n<p class=\"has-link-color wp-elements-148 wp-block-paragraph\" style=\"text-transform:none\"><a href=\"https:\/\/santanadoitarare.pr.gov.br\/transparencia\/wp-content\/uploads\/2026\/05\/Plano-Municipal-de-Atendimento-Socioeducativo-2024-2033.pdf\" target=\"_blank\" rel=\"noreferrer noopener\">Plano de Atend. Socioeducativo 2024\/2033<\/a><\/p>\n<\/div>\n<\/div>\n\n\n\n<div class=\"wp-block-columns has-ast-global-color-2-color has-text-color has-link-color wp-elements-149 is-layout-flex wp-container-core-columns-is-layout-3b56f870 wp-block-columns-is-layout-flex\" style=\"margin-top:10px;padding-top:0px;padding-bottom:0px\">\n<div class=\"wp-block-column is-layout-flow wp-block-column-is-layout-flow\">\n<p class=\"has-link-color wp-elements-150 wp-block-paragraph\" style=\"text-transform:none\"><a href=\"https:\/\/santanadoitarare.pr.gov.br\/transparencia\/conselho-municipal-de-assistencia-social-cmas\/\" target=\"_blank\" rel=\"noreferrer noopener\">Cons. Municipal de Assist\u00eancia Social &#8211; CMAS<\/a><\/p>\n<\/div>\n\n\n\n<div class=\"wp-block-column is-layout-flow wp-block-column-is-layout-flow\">\n<p class=\"has-link-color wp-elements-151 wp-block-paragraph\" style=\"text-transform:none\"><a href=\"https:\/\/santanadoitarare.pr.gov.br\/transparencia\/bolsa-familia\/\" target=\"_blank\" rel=\"noreferrer noopener\">Bolsa Fam\u00edlia<\/a><\/p>\n<\/div>\n\n\n\n<div class=\"wp-block-column is-layout-flow wp-block-column-is-layout-flow\">\n<p class=\"has-link-color wp-elements-152 wp-block-paragraph\" style=\"text-transform:none\">Protocolos de Servi\u00e7os<\/p>\n<\/div>\n<\/div>\n\n\n\n<div class=\"wp-block-uagb-separator uagb-block-95710c42\"><div class=\"wp-block-uagb-separator__inner\" style=\"--my-background-image:\"><\/div><\/div>\n\n\n\n<p class=\"wp-block-paragraph\" id=\"ASOCIAL\" style=\"font-size:25px\"><img loading=\"lazy\" decoding=\"async\" width=\"50\" height=\"50\" class=\"wp-image-3737\" style=\"width: 50px;\" src=\"https:\/\/santanadoitarare.pr.gov.br\/transparencia\/wp-content\/uploads\/2026\/07\/3681320.png\" alt=\"\" srcset=\"https:\/\/santanadoitarare.pr.gov.br\/transparencia\/wp-content\/uploads\/2026\/07\/3681320.png 512w, https:\/\/santanadoitarare.pr.gov.br\/transparencia\/wp-content\/uploads\/2026\/07\/3681320-300x300.png 300w, https:\/\/santanadoitarare.pr.gov.br\/transparencia\/wp-content\/uploads\/2026\/07\/3681320-150x150.png 150w\" sizes=\"auto, (max-width: 50px) 100vw, 50px\" \/> <strong>CULTURA<\/strong><\/p>\n\n\n\n<div class=\"wp-block-columns has-ast-global-color-2-color has-text-color has-link-color wp-elements-153 is-layout-flex wp-container-core-columns-is-layout-c3959bd3 wp-block-columns-is-layout-flex\" style=\"margin-top:-20px;margin-bottom:10px;padding-top:0px;padding-bottom:0px\">\n<div class=\"wp-block-column is-layout-flow wp-block-column-is-layout-flow\">\n<p class=\"has-link-color wp-elements-154 wp-block-paragraph\" style=\"text-transform:none\"><a href=\"https:\/\/santanadoitarare.pr.gov.br\/transparencia\/wp-content\/uploads\/2026\/07\/EDITAL_CULTURA_2026_LEI_ALDIR_BLANC_assinado_assinado.pdf\" target=\"_blank\" rel=\"noreferrer noopener\">EDITAL DE FOMENTO \u00c0 CULTURAL &#8211; LEI ALDIR BLANC<\/a><\/p>\n<\/div>\n\n\n\n<div class=\"wp-block-column is-layout-flow wp-block-column-is-layout-flow\">\n<p class=\"has-link-color wp-elements-155 wp-block-paragraph\" style=\"text-transform:none\"><\/p>\n<\/div>\n<\/div>\n\n\n\n<div class=\"wp-block-uagb-separator uagb-block-9d248a70\"><div class=\"wp-block-uagb-separator__inner\" style=\"--my-background-image:\"><\/div><\/div>\n\n\n\n<p class=\"wp-block-paragraph\" id=\"LEGISLACAO\" style=\"font-size:25px\"><img loading=\"lazy\" decoding=\"async\" width=\"35\" height=\"35\" class=\"wp-image-1164\" style=\"width: 35px;\" src=\"https:\/\/santanadoitarare.pr.gov.br\/transparencia\/wp-content\/uploads\/2026\/05\/writing_14536641-150x150-1.png\" alt=\"\"> <strong>LEGISLA\u00c7\u00c3O MUNICIPAL &#8211; Colet\u00e2nea<\/strong><\/p>\n\n\n\n<div class=\"wp-block-columns has-ast-global-color-2-color has-text-color has-link-color wp-elements-156 is-layout-flex wp-container-core-columns-is-layout-c3959bd3 wp-block-columns-is-layout-flex\" style=\"margin-top:-20px;margin-bottom:10px;padding-top:0px;padding-bottom:0px\">\n<div class=\"wp-block-column is-layout-flow wp-block-column-is-layout-flow\">\n<p class=\"has-link-color wp-elements-157 wp-block-paragraph\" style=\"text-transform:none\"><a href=\"https:\/\/santanadoitarare.pr.gov.br\/transparencia\/leis-e-atos-administrativos\/\" target=\"_blank\" rel=\"noreferrer noopener\">ACESSAR<\/a><\/p>\n<\/div>\n\n\n\n<div class=\"wp-block-column is-layout-flow wp-block-column-is-layout-flow\">\n<p class=\"wp-block-paragraph\"><\/p>\n<\/div>\n\n\n\n<div class=\"wp-block-column is-layout-flow wp-block-column-is-layout-flow\">\n<p class=\"wp-block-paragraph\"><\/p>\n<\/div>\n\n\n\n<div class=\"wp-block-column is-layout-flow wp-block-column-is-layout-flow\">\n<p class=\"wp-block-paragraph\" style=\"text-transform:none\"><\/p>\n<\/div>\n\n\n\n<div class=\"wp-block-column is-layout-flow wp-block-column-is-layout-flow\">\n<p class=\"wp-block-paragraph\" style=\"text-transform:none\"><\/p>\n<\/div>\n<\/div>\n\n\n\n<div class=\"wp-block-uagb-separator uagb-block-4622fc8e\"><div class=\"wp-block-uagb-separator__inner\" style=\"--my-background-image:\"><\/div><\/div>\n\n\n\n<p class=\"wp-block-paragraph\" id=\"PCONTAS\" style=\"font-size:25px\"><img loading=\"lazy\" decoding=\"async\" width=\"35\" height=\"35\" class=\"wp-image-1166\" style=\"width: 35px;\" src=\"https:\/\/santanadoitarare.pr.gov.br\/transparencia\/wp-content\/uploads\/2026\/05\/approved_11237460-150x150-1.png\" alt=\"\"> <strong>PRESTA\u00c7\u00c3O DE CONTAS <\/strong><\/p>\n\n\n\n<p class=\"wp-block-paragraph\" style=\"margin-top:-15px;font-size:20px\"><img loading=\"lazy\" decoding=\"async\" width=\"20\" height=\"20\" class=\"wp-image-2683\" style=\"width: 20px;\" src=\"https:\/\/santanadoitarare.pr.gov.br\/transparencia\/wp-content\/uploads\/2026\/05\/ok.png\" alt=\"\" srcset=\"https:\/\/santanadoitarare.pr.gov.br\/transparencia\/wp-content\/uploads\/2026\/05\/ok.png 360w, https:\/\/santanadoitarare.pr.gov.br\/transparencia\/wp-content\/uploads\/2026\/05\/ok-300x300.png 300w, https:\/\/santanadoitarare.pr.gov.br\/transparencia\/wp-content\/uploads\/2026\/05\/ok-150x150.png 150w\" sizes=\"auto, (max-width: 20px) 100vw, 20px\" \/><strong>Parecer do Legislativo Municipal<\/strong><\/p>\n\n\n\n<div class=\"wp-block-columns has-ast-global-color-2-color has-text-color has-link-color wp-elements-158 is-layout-flex wp-container-core-columns-is-layout-c3959bd3 wp-block-columns-is-layout-flex\" style=\"margin-top:-20px;margin-bottom:10px;padding-top:0px;padding-bottom:0px\">\n<div class=\"wp-block-column has-link-color wp-elements-159 is-layout-flow wp-block-column-is-layout-flow\">\n<p class=\"has-link-color wp-elements-160 wp-block-paragraph\" style=\"text-transform:none\"><a href=\"https:\/\/santanadoitarare.pr.gov.br\/transparencia\/wp-content\/uploads\/2026\/05\/PRESTACAO-DE-CONTAS-Parecer-do-Legislativo-Municipal-Ano-2023.pdf\" target=\"_blank\" rel=\"noreferrer noopener\">Ano 2023<\/a><\/p>\n<\/div>\n\n\n\n<div class=\"wp-block-column has-link-color wp-elements-161 is-layout-flow wp-block-column-is-layout-flow\">\n<p class=\"has-link-color wp-elements-162 wp-block-paragraph\"><a href=\"https:\/\/santanadoitarare.pr.gov.br\/transparencia\/wp-content\/uploads\/2026\/05\/PRESTACAO-DE-CONTAS-Parecer-do-Legislativo-Municipal-Ano-2022.pdf\" target=\"_blank\" rel=\"noreferrer noopener\">Ano 2022<\/a><\/p>\n<\/div>\n\n\n\n<div class=\"wp-block-column has-link-color wp-elements-163 is-layout-flow wp-block-column-is-layout-flow\">\n<p class=\"has-link-color wp-elements-164 wp-block-paragraph\"><a href=\"https:\/\/santanadoitarare.pr.gov.br\/transparencia\/wp-content\/uploads\/2026\/05\/CAM-2021.pdf\" target=\"_blank\" rel=\"noreferrer noopener\">Ano 2021<\/a><\/p>\n<\/div>\n\n\n\n<div class=\"wp-block-column has-link-color wp-elements-165 is-layout-flow wp-block-column-is-layout-flow\">\n<p class=\"has-link-color wp-elements-166 wp-block-paragraph\" style=\"text-transform:none\"><a href=\"https:\/\/santanadoitarare.pr.gov.br\/transparencia\/wp-content\/uploads\/2026\/05\/CAM-2020.pdf\" target=\"_blank\" rel=\"noreferrer noopener\">Ano 2020<\/a><\/p>\n<\/div>\n\n\n\n<div class=\"wp-block-column has-link-color wp-elements-167 is-layout-flow wp-block-column-is-layout-flow\">\n<p class=\"has-link-color wp-elements-168 wp-block-paragraph\"><a href=\"https:\/\/santanadoitarare.pr.gov.br\/transparencia\/wp-content\/uploads\/2026\/05\/CAM-2019.pdf\" target=\"_blank\" rel=\"noreferrer noopener\">Ano 2019<\/a><\/p>\n<\/div>\n\n\n\n<div class=\"wp-block-column is-layout-flow wp-block-column-is-layout-flow\">\n<p class=\"has-link-color wp-elements-169 wp-block-paragraph\"><a href=\"https:\/\/santanadoitarare.pr.gov.br\/transparencia\/wp-content\/uploads\/2026\/05\/CAM-2018.pdf\" target=\"_blank\" rel=\"noreferrer noopener\">Ano 2018<\/a><\/p>\n<\/div>\n\n\n\n<div class=\"wp-block-column is-layout-flow wp-block-column-is-layout-flow\">\n<p class=\"has-link-color wp-elements-170 wp-block-paragraph\" style=\"text-transform:none\"><a href=\"https:\/\/santanadoitarare.pr.gov.br\/transparencia\/wp-content\/uploads\/2026\/05\/CAM-2017.pdf\" target=\"_blank\" rel=\"noreferrer noopener\">Ano 2017<\/a><\/p>\n<\/div>\n<\/div>\n\n\n\n<div class=\"wp-block-uagb-separator uagb-block-3cea4e0a\"><div class=\"wp-block-uagb-separator__inner\" style=\"--my-background-image:\"><\/div><\/div>\n\n\n\n<p class=\"wp-block-paragraph\" style=\"font-size:20px\"><img loading=\"lazy\" decoding=\"async\" width=\"20\" height=\"20\" class=\"wp-image-2683\" style=\"width: 20px;\" src=\"https:\/\/santanadoitarare.pr.gov.br\/transparencia\/wp-content\/uploads\/2026\/05\/ok.png\" alt=\"\" srcset=\"https:\/\/santanadoitarare.pr.gov.br\/transparencia\/wp-content\/uploads\/2026\/05\/ok.png 360w, https:\/\/santanadoitarare.pr.gov.br\/transparencia\/wp-content\/uploads\/2026\/05\/ok-300x300.png 300w, https:\/\/santanadoitarare.pr.gov.br\/transparencia\/wp-content\/uploads\/2026\/05\/ok-150x150.png 150w\" sizes=\"auto, (max-width: 20px) 100vw, 20px\" \/><strong>Parecer do TCE-PR<\/strong><\/p>\n\n\n\n<div class=\"wp-block-columns has-ast-global-color-2-color has-text-color has-link-color wp-elements-171 is-layout-flex wp-container-core-columns-is-layout-c3959bd3 wp-block-columns-is-layout-flex\" style=\"margin-top:-20px;margin-bottom:10px;padding-top:0px;padding-bottom:0px\">\n<div class=\"wp-block-column is-layout-flow wp-block-column-is-layout-flow\">\n<p class=\"has-link-color wp-elements-172 wp-block-paragraph\" style=\"text-transform:none\"><a href=\"https:\/\/santanadoitarare.pr.gov.br\/transparencia\/wp-content\/uploads\/2026\/05\/Prestacao-de-Contas-2024-TCE.pdf\" target=\"_blank\" rel=\"noreferrer noopener\">Ano 2024<\/a><\/p>\n<\/div>\n\n\n\n<div class=\"wp-block-column is-layout-flow wp-block-column-is-layout-flow\">\n<p class=\"has-link-color wp-elements-173 wp-block-paragraph\"><a href=\"https:\/\/santanadoitarare.pr.gov.br\/transparencia\/wp-content\/uploads\/2026\/05\/TC-2023.pdf\" target=\"_blank\" rel=\"noreferrer noopener\">Ano 2023<\/a><\/p>\n<\/div>\n\n\n\n<div class=\"wp-block-column is-layout-flow wp-block-column-is-layout-flow\">\n<p class=\"has-link-color wp-elements-174 wp-block-paragraph\"><a href=\"https:\/\/santanadoitarare.pr.gov.br\/transparencia\/wp-content\/uploads\/2026\/05\/TC-2022.pdf\" target=\"_blank\" rel=\"noreferrer noopener\">Ano 2022<\/a><\/p>\n<\/div>\n\n\n\n<div class=\"wp-block-column is-layout-flow wp-block-column-is-layout-flow\">\n<p class=\"has-link-color wp-elements-175 wp-block-paragraph\"><a href=\"https:\/\/santanadoitarare.pr.gov.br\/transparencia\/wp-content\/uploads\/2026\/05\/TC-2021.pdf\" target=\"_blank\" rel=\"noreferrer noopener\">Ano 2021<\/a><\/p>\n<\/div>\n\n\n\n<div class=\"wp-block-column is-layout-flow wp-block-column-is-layout-flow\">\n<p class=\"has-link-color wp-elements-176 wp-block-paragraph\" style=\"text-transform:none\"><a href=\"https:\/\/santanadoitarare.pr.gov.br\/transparencia\/wp-content\/uploads\/2026\/05\/TC-2020.pdf\" target=\"_blank\" rel=\"noreferrer noopener\">Ano 2020<\/a><\/p>\n<\/div>\n\n\n\n<div class=\"wp-block-column is-layout-flow wp-block-column-is-layout-flow\">\n<p class=\"has-link-color wp-elements-177 wp-block-paragraph\"><a href=\"https:\/\/santanadoitarare.pr.gov.br\/transparencia\/wp-content\/uploads\/2026\/05\/TC-2019.pdf\" target=\"_blank\" rel=\"noreferrer noopener\">Ano 2019<\/a><\/p>\n<\/div>\n\n\n\n<div class=\"wp-block-column is-layout-flow wp-block-column-is-layout-flow\">\n<p class=\"has-link-color wp-elements-178 wp-block-paragraph\"><a href=\"https:\/\/santanadoitarare.pr.gov.br\/transparencia\/wp-content\/uploads\/2026\/05\/TC-2018.pdf\" target=\"_blank\" rel=\"noreferrer noopener\">Ano 2018<\/a><\/p>\n<\/div>\n\n\n\n<div class=\"wp-block-column is-layout-flow wp-block-column-is-layout-flow\">\n<p class=\"has-link-color wp-elements-179 wp-block-paragraph\" style=\"text-transform:none\"><a href=\"https:\/\/santanadoitarare.pr.gov.br\/transparencia\/wp-content\/uploads\/2026\/05\/TC-2017.pdf\" target=\"_blank\" rel=\"noreferrer noopener\">Ano 2017<\/a><\/p>\n<\/div>\n<\/div>\n\n\n\n<div class=\"wp-block-columns has-ast-global-color-2-color has-text-color has-link-color wp-elements-180 is-layout-flex wp-container-core-columns-is-layout-c3959bd3 wp-block-columns-is-layout-flex\" style=\"margin-top:-20px;margin-bottom:10px;padding-top:0px;padding-bottom:0px\">\n<div class=\"wp-block-column is-layout-flow wp-block-column-is-layout-flow\">\n<p class=\"has-link-color wp-elements-181 wp-block-paragraph\" style=\"margin-top:20px;margin-bottom:0px;padding-top:0px;padding-bottom:0px;text-transform:none\"><a href=\"https:\/\/www1.tce.pr.gov.br\/transparencia\/municipios\/progov\/prestacao-de-contas-dos-municipios.htm\" target=\"_blank\" rel=\"noreferrer noopener\">Ver Presta\u00e7\u00e3o de Contas dos Munic\u00edpios no site do TCE-PR<\/a><\/p>\n<\/div>\n<\/div>\n\n\n\n<div class=\"wp-block-uagb-separator uagb-block-eadfa84e\"><div class=\"wp-block-uagb-separator__inner\" style=\"--my-background-image:\"><\/div><\/div>\n\n\n\n<p class=\"wp-block-paragraph\" id=\"TCE\" style=\"font-size:25px\"><img loading=\"lazy\" decoding=\"async\" width=\"35\" height=\"35\" class=\"wp-image-1170\" style=\"width: 35px;\" src=\"https:\/\/santanadoitarare.pr.gov.br\/transparencia\/wp-content\/uploads\/2026\/05\/database_3285955-150x150-1.png\" alt=\"\"> <strong>PORTAL DE INFORMA\u00c7\u00c3O PARA TODOS &#8211; TCE-PR<\/strong><\/p>\n\n\n\n<div class=\"wp-block-columns has-ast-global-color-2-color has-text-color has-link-color wp-elements-182 is-layout-flex wp-container-core-columns-is-layout-c3959bd3 wp-block-columns-is-layout-flex\" style=\"margin-top:-20px;margin-bottom:10px;padding-top:0px;padding-bottom:0px\">\n<div class=\"wp-block-column is-layout-flow wp-block-column-is-layout-flow\">\n<p class=\"has-link-color wp-elements-183 wp-block-paragraph\" style=\"text-transform:none\"><a href=\"https:\/\/pit.tce.pr.gov.br\/Entidade\" target=\"_blank\" rel=\"noreferrer noopener\">ACESSE AQUI<\/a><\/p>\n<\/div>\n<\/div>\n\n\n\n<div class=\"wp-block-uagb-separator uagb-block-b9c5d708\"><div class=\"wp-block-uagb-separator__inner\" style=\"--my-background-image:\"><\/div><\/div>\n\n\n\n<p class=\"wp-block-paragraph\" id=\"TCE\" style=\"font-size:25px;text-transform:uppercase\"><img loading=\"lazy\" decoding=\"async\" width=\"50\" height=\"48\" class=\"wp-image-2728\" style=\"width: 50px;\" src=\"https:\/\/santanadoitarare.pr.gov.br\/transparencia\/wp-content\/uploads\/2026\/05\/logo-transparencia-2.png\" alt=\"\"><strong>Programa Nacional da Transpar\u00eancia P\u00fablica &#8211; PNTP<\/strong><\/p>\n\n\n\n<div class=\"wp-block-columns has-ast-global-color-2-color has-text-color has-link-color wp-elements-184 is-layout-flex wp-container-core-columns-is-layout-abb661ac wp-block-columns-is-layout-flex\" style=\"margin-top:-20px\">\n<div class=\"wp-block-column is-layout-flow wp-container-core-column-is-layout-a2d3b37e wp-block-column-is-layout-flow\" style=\"padding-top:0px;padding-bottom:0px\">\n<p class=\"has-link-color wp-elements-185 wp-block-paragraph\" style=\"text-transform:none\"><a href=\"https:\/\/radardatransparencia.atricon.org.br\/\" target=\"_blank\" rel=\"noreferrer noopener\">ACESSE AQUI<\/a><\/p>\n<\/div>\n<\/div>\n\n\n\n<div class=\"wp-block-uagb-separator uagb-block-11cc78b2\"><div class=\"wp-block-uagb-separator__inner\" style=\"--my-background-image:\"><\/div><\/div>\n\n\n\n<p class=\"wp-block-paragraph\" id=\"TCE\" style=\"font-size:25px;text-transform:none\"><img loading=\"lazy\" decoding=\"async\" width=\"40\" height=\"40\" class=\"wp-image-2733\" style=\"width: 40px;\" src=\"https:\/\/santanadoitarare.pr.gov.br\/transparencia\/wp-content\/uploads\/2026\/05\/esic-banner.png\" alt=\"\" srcset=\"https:\/\/santanadoitarare.pr.gov.br\/transparencia\/wp-content\/uploads\/2026\/05\/esic-banner.png 181w, https:\/\/santanadoitarare.pr.gov.br\/transparencia\/wp-content\/uploads\/2026\/05\/esic-banner-150x150.png 150w\" sizes=\"auto, (max-width: 40px) 100vw, 40px\" \/> <strong>Ouvidoria e e-SIC (Fala<\/strong> <strong>Cidad\u00e3o)<\/strong><\/p>\n\n\n\n<div class=\"wp-block-columns has-ast-global-color-2-color has-text-color has-link-color wp-elements-186 is-layout-flex wp-container-core-columns-is-layout-abb661ac wp-block-columns-is-layout-flex\" style=\"margin-top:-20px\">\n<div class=\"wp-block-column is-layout-flow wp-container-core-column-is-layout-a2d3b37e wp-block-column-is-layout-flow\" style=\"padding-top:0px;padding-bottom:0px\">\n<p class=\"has-link-color wp-elements-187 wp-block-paragraph\" style=\"text-transform:none\"><a href=\"https:\/\/santanadoitarare.pr.gov.br\/transparencia\/e-sic-sistema-eletronico-do-servico-de-informacoes-ao-cidadao\/\" target=\"_blank\" rel=\"noreferrer noopener\">ACESSE AQUI<\/a><\/p>\n<\/div>\n<\/div>\n\n\n\n<div class=\"wp-block-uagb-separator uagb-block-4d795890\"><div class=\"wp-block-uagb-separator__inner\" style=\"--my-background-image:\"><\/div><\/div>\n\n\n\n<figure data-spectra-id=\"spectra-73cb4049-a807-45ed-b571-725244a7fe69\" class=\"wp-block-image aligncenter size-full is-resized\"><a href=\"https:\/\/www.santanadoitarare.pr.gov.br\/portal\/busca\/\" target=\"_blank\" rel=\" noreferrer noopener\"><img loading=\"lazy\" decoding=\"async\" width=\"464\" height=\"83\" src=\"https:\/\/santanadoitarare.pr.gov.br\/transparencia\/wp-content\/uploads\/2026\/05\/capture_260529_162225.png\" alt=\"\" class=\"wp-image-3689\" srcset=\"https:\/\/santanadoitarare.pr.gov.br\/transparencia\/wp-content\/uploads\/2026\/05\/capture_260529_162225.png 464w, https:\/\/santanadoitarare.pr.gov.br\/transparencia\/wp-content\/uploads\/2026\/05\/capture_260529_162225-300x54.png 300w\" sizes=\"auto, (max-width: 464px) 100vw, 464px\" \/><\/a><\/figure>\n<\/div>\n<\/div>\n\n\n\n<p class=\"wp-block-paragraph\"><\/p>\n","protected":false},"excerpt":{"rendered":"<p>Em conformidade a&nbsp;Lei Municipal Complementar n\u00ba 05\/2016&nbsp;e com&nbsp;Lei Federal de Acesso \u00e0 Informa\u00e7\u00e3o n\u00ba 12.527\/2011,&nbsp;a Prefeitura de Santana do Itarar\u00e9-PR, [&hellip;]<\/p>\n","protected":false},"author":1,"featured_media":0,"parent":0,"menu_order":0,"comment_status":"closed","ping_status":"closed","template":"","meta":{"_uag_custom_page_level_css":"","site-sidebar-layout":"default","site-content-layout":"","ast-site-content-layout":"default","site-content-style":"default","site-sidebar-style":"default","ast-global-header-display":"","ast-banner-title-visibility":"","ast-main-header-display":"","ast-hfb-above-header-display":"","ast-hfb-below-header-display":"","ast-hfb-mobile-header-display":"","site-post-title":"disabled","ast-breadcrumbs-content":"","ast-featured-img":"","footer-sml-layout":"","ast-disable-related-posts":"","theme-transparent-header-meta":"","adv-header-id-meta":"","stick-header-meta":"","header-above-stick-meta":"","header-main-stick-meta":"","header-below-stick-meta":"","astra-migrate-meta-layouts":"default","ast-page-background-enabled":"default","ast-page-background-meta":{"desktop":{"background-color":"var(--ast-global-color-5)","background-image":"","background-repeat":"repeat","background-position":"center center","background-size":"auto","background-attachment":"scroll","background-type":"","background-media":"","overlay-type":"","overlay-color":"","overlay-opacity":"","overlay-gradient":""},"tablet":{"background-color":"","background-image":"","background-repeat":"repeat","background-position":"center center","background-size":"auto","background-attachment":"scroll","background-type":"","background-media":"","overlay-type":"","overlay-color":"","overlay-opacity":"","overlay-gradient":""},"mobile":{"background-color":"","background-image":"","background-repeat":"repeat","background-position":"center center","background-size":"auto","background-attachment":"scroll","background-type":"","background-media":"","overlay-type":"","overlay-color":"","overlay-opacity":"","overlay-gradient":""}},"ast-content-background-meta":{"desktop":{"background-color":"var(--ast-global-color-4)","background-image":"","background-repeat":"repeat","background-position":"center center","background-size":"auto","background-attachment":"scroll","background-type":"","background-media":"","overlay-type":"","overlay-color":"","overlay-opacity":"","overlay-gradient":""},"tablet":{"background-color":"var(--ast-global-color-4)","background-image":"","background-repeat":"repeat","background-position":"center center","background-size":"auto","background-attachment":"scroll","background-type":"","background-media":"","overlay-type":"","overlay-color":"","overlay-opacity":"","overlay-gradient":""},"mobile":{"background-color":"var(--ast-global-color-4)","background-image":"","background-repeat":"repeat","background-position":"center center","background-size":"auto","background-attachment":"scroll","background-type":"","background-media":"","overlay-type":"","overlay-color":"","overlay-opacity":"","overlay-gradient":""}},"footnotes":""},"class_list":["post-635","page","type-page","status-publish","hentry"],"uagb_featured_image_src":{"full":false,"thumbnail":false,"medium":false,"medium_large":false,"large":false,"1536x1536":false,"2048x2048":false},"uagb_author_info":{"display_name":"diario-oficial","author_link":"https:\/\/santanadoitarare.pr.gov.br\/transparencia\/author\/diario-oficial\/"},"uagb_comment_info":0,"uagb_excerpt":"Em conformidade a&nbsp;Lei Municipal Complementar n\u00ba 05\/2016&nbsp;e com&nbsp;Lei Federal de Acesso \u00e0 Informa\u00e7\u00e3o n\u00ba 12.527\/2011,&nbsp;a Prefeitura de Santana do Itarar\u00e9-PR, [&hellip;]","_links":{"self":[{"href":"https:\/\/santanadoitarare.pr.gov.br\/transparencia\/wp-json\/wp\/v2\/pages\/635","targetHints":{"allow":["GET"]}}],"collection":[{"href":"https:\/\/santanadoitarare.pr.gov.br\/transparencia\/wp-json\/wp\/v2\/pages"}],"about":[{"href":"https:\/\/santanadoitarare.pr.gov.br\/transparencia\/wp-json\/wp\/v2\/types\/page"}],"author":[{"embeddable":true,"href":"https:\/\/santanadoitarare.pr.gov.br\/transparencia\/wp-json\/wp\/v2\/users\/1"}],"replies":[{"embeddable":true,"href":"https:\/\/santanadoitarare.pr.gov.br\/transparencia\/wp-json\/wp\/v2\/comments?post=635"}],"version-history":[{"count":740,"href":"https:\/\/santanadoitarare.pr.gov.br\/transparencia\/wp-json\/wp\/v2\/pages\/635\/revisions"}],"predecessor-version":[{"id":3863,"href":"https:\/\/santanadoitarare.pr.gov.br\/transparencia\/wp-json\/wp\/v2\/pages\/635\/revisions\/3863"}],"wp:attachment":[{"href":"https:\/\/santanadoitarare.pr.gov.br\/transparencia\/wp-json\/wp\/v2\/media?parent=635"}],"curies":[{"name":"wp","href":"https:\/\/api.w.org\/{rel}","templated":true}]}}